{"id":715,"date":"2023-05-09T13:41:06","date_gmt":"2023-05-09T13:41:06","guid":{"rendered":"https:\/\/turismo.pando.gob.bo\/?page_id=715"},"modified":"2025-07-03T16:57:46","modified_gmt":"2025-07-03T16:57:46","slug":"patrimonio-historico-cultural","status":"publish","type":"page","link":"https:\/\/turismo.pando.gob.bo\/index.php\/patrimonio-historico-cultural\/","title":{"rendered":"Patrimonio Hist\u00f3rico Cultural"},"content":{"rendered":"\t\t<div data-elementor-type=\"wp-page\" data-elementor-id=\"715\" class=\"elementor elementor-715\">\n\t\t\t\t\t\t\t\t\t<section class=\"elementor-section elementor-top-section elementor-element elementor-element-157d2df elementor-section-boxed elementor-section-height-default elementor-section-height-default elementor-invisible\" data-id=\"157d2df\" data-element_type=\"section\" data-settings=\"{&quot;background_background&quot;:&quot;gradient&quot;,&quot;animation&quot;:&quot;fadeInDown&quot;}\">\n\t\t\t\t\t\t<div class=\"elementor-container elementor-column-gap-default\">\n\t\t\t\t\t<div class=\"elementor-column elementor-col-100 elementor-top-column elementor-element elementor-element-c4e4bc1\" data-id=\"c4e4bc1\" data-element_type=\"column\">\n\t\t\t<div class=\"elementor-widget-wrap elementor-element-populated\">\n\t\t\t\t\t\t\t\t<div class=\"elementor-element elementor-element-0d01965 elementor-widget elementor-widget-heading\" data-id=\"0d01965\" data-element_type=\"widget\" data-widget_type=\"heading.default\">\n\t\t\t\t<div class=\"elementor-widget-container\">\n\t\t\t<style>\/*! elementor - v3.7.7 - 20-09-2022 *\/\n.elementor-heading-title{padding:0;margin:0;line-height:1}.elementor-widget-heading .elementor-heading-title[class*=elementor-size-]>a{color:inherit;font-size:inherit;line-height:inherit}.elementor-widget-heading .elementor-heading-title.elementor-size-small{font-size:15px}.elementor-widget-heading .elementor-heading-title.elementor-size-medium{font-size:19px}.elementor-widget-heading .elementor-heading-title.elementor-size-large{font-size:29px}.elementor-widget-heading .elementor-heading-title.elementor-size-xl{font-size:39px}.elementor-widget-heading .elementor-heading-title.elementor-size-xxl{font-size:59px}<\/style><h2 class=\"elementor-heading-title elementor-size-default\">Patrimonio Hist\u00f3rico Cultural<\/h2>\t\t<\/div>\n\t\t\t\t<\/div>\n\t\t\t\t\t<\/div>\n\t\t<\/div>\n\t\t\t\t\t\t\t<\/div>\n\t\t<\/section>\n\t\t\t\t<section class=\"elementor-section elementor-top-section elementor-element elementor-element-c160b21 elementor-section-boxed elementor-section-height-default elementor-section-height-default elementor-invisible\" data-id=\"c160b21\" data-element_type=\"section\" data-settings=\"{&quot;animation&quot;:&quot;fadeInLeft&quot;}\">\n\t\t\t\t\t\t<div class=\"elementor-container elementor-column-gap-default\">\n\t\t\t\t\t<div class=\"elementor-column elementor-col-100 elementor-top-column elementor-element elementor-element-221ec40\" data-id=\"221ec40\" data-element_type=\"column\">\n\t\t\t<div class=\"elementor-widget-wrap elementor-element-populated\">\n\t\t\t\t\t\t\t\t<div class=\"elementor-element elementor-element-c56faf3 elementor-widget elementor-widget-text-editor\" data-id=\"c56faf3\" data-element_type=\"widget\" data-widget_type=\"text-editor.default\">\n\t\t\t\t<div class=\"elementor-widget-container\">\n\t\t\t<style>\/*! elementor - v3.7.7 - 20-09-2022 *\/\n.elementor-widget-text-editor.elementor-drop-cap-view-stacked .elementor-drop-cap{background-color:#818a91;color:#fff}.elementor-widget-text-editor.elementor-drop-cap-view-framed .elementor-drop-cap{color:#818a91;border:3px solid;background-color:transparent}.elementor-widget-text-editor:not(.elementor-drop-cap-view-default) .elementor-drop-cap{margin-top:8px}.elementor-widget-text-editor:not(.elementor-drop-cap-view-default) .elementor-drop-cap-letter{width:1em;height:1em}.elementor-widget-text-editor .elementor-drop-cap{float:left;text-align:center;line-height:1;font-size:50px}.elementor-widget-text-editor .elementor-drop-cap-letter{display:inline-block}<\/style>\t\t\t\t<p>&nbsp;El patrimonio cultural es un tesoro invaluable que debe ser protegido y conservado para las generaciones presentes y futuras. Su importancia se extiende m\u00e1s all\u00e1 de su valor hist\u00f3rico y cultural, y abarca aspectos sociales, econ\u00f3micos y pol\u00edticos clave para el desarrollo sostenible de las comunidades y las naciones.<\/p>\t\t\t\t\t\t<\/div>\n\t\t\t\t<\/div>\n\t\t\t\t\t<\/div>\n\t\t<\/div>\n\t\t\t\t\t\t\t<\/div>\n\t\t<\/section>\n\t\t\t\t<section class=\"elementor-section elementor-top-section elementor-element elementor-element-971998e elementor-section-boxed elementor-section-height-default elementor-section-height-default elementor-invisible\" data-id=\"971998e\" data-element_type=\"section\" data-settings=\"{&quot;animation&quot;:&quot;fadeInRight&quot;}\">\n\t\t\t\t\t\t<div class=\"elementor-container elementor-column-gap-default\">\n\t\t\t\t\t<div class=\"elementor-column elementor-col-50 elementor-top-column elementor-element elementor-element-0b7e7eb\" data-id=\"0b7e7eb\" data-element_type=\"column\">\n\t\t\t<div class=\"elementor-widget-wrap elementor-element-populated\">\n\t\t\t\t\t\t\t\t<div class=\"elementor-element elementor-element-d935960 elementor-widget elementor-widget-text-editor\" data-id=\"d935960\" data-element_type=\"widget\" data-widget_type=\"text-editor.default\">\n\t\t\t\t<div class=\"elementor-widget-container\">\n\t\t\t\t\t\t\t<h4><strong>CASA DE LA CULTURA HERMANOS TORRICO<\/strong><\/h4><p>Seg\u00fan antiguos moradores indican que era la Maestranza de la Delegaci\u00f3n del Territorio de Colonias. Posteriormente se trasladaron all\u00ed los motores que generaban energ\u00eda el\u00e9ctrica para la poblaci\u00f3n de Cobija, a principio de los 90 por iniciativas del Municipio se realiza una restauraci\u00f3n para posteriormente convertirse en lo que hoy conocemos como las instalaciones de <strong>\u201cCasa de la Cultura Hermanos Torrico\u201d<\/strong> la cual cumple funciones como ser: biblioteca, oficinas, sala de exposici\u00f3n de obras de arte, aulas de ballet y teatro, entre otros.<\/p>\t\t\t\t\t\t<\/div>\n\t\t\t\t<\/div>\n\t\t\t\t\t<\/div>\n\t\t<\/div>\n\t\t\t\t<div class=\"elementor-column elementor-col-50 elementor-top-column elementor-element elementor-element-dc06210\" data-id=\"dc06210\" data-element_type=\"column\">\n\t\t\t<div class=\"elementor-widget-wrap elementor-element-populated\">\n\t\t\t\t\t\t\t\t<div class=\"elementor-element elementor-element-793ee37 elementor-widget elementor-widget-image\" data-id=\"793ee37\" data-element_type=\"widget\" data-widget_type=\"image.default\">\n\t\t\t\t<div class=\"elementor-widget-container\">\n\t\t\t<style>\/*! elementor - v3.7.7 - 20-09-2022 *\/\n.elementor-widget-image{text-align:center}.elementor-widget-image a{display:inline-block}.elementor-widget-image a img[src$=\".svg\"]{width:48px}.elementor-widget-image img{vertical-align:middle;display:inline-block}<\/style>\t\t\t\t\t\t\t\t\t\t\t\t<img decoding=\"async\" width=\"1024\" height=\"576\" src=\"https:\/\/turismo.pando.gob.bo\/wp-content\/uploads\/2025\/07\/WhatsApp-Image-2025-07-02-at-14.33.25-1024x576.jpeg\" class=\"attachment-large size-large\" alt=\"\" loading=\"lazy\" srcset=\"https:\/\/turismo.pando.gob.bo\/wp-content\/uploads\/2025\/07\/WhatsApp-Image-2025-07-02-at-14.33.25-1024x576.jpeg 1024w, https:\/\/turismo.pando.gob.bo\/wp-content\/uploads\/2025\/07\/WhatsApp-Image-2025-07-02-at-14.33.25-300x169.jpeg 300w, https:\/\/turismo.pando.gob.bo\/wp-content\/uploads\/2025\/07\/WhatsApp-Image-2025-07-02-at-14.33.25-768x432.jpeg 768w, https:\/\/turismo.pando.gob.bo\/wp-content\/uploads\/2025\/07\/WhatsApp-Image-2025-07-02-at-14.33.25-1536x864.jpeg 1536w, https:\/\/turismo.pando.gob.bo\/wp-content\/uploads\/2025\/07\/WhatsApp-Image-2025-07-02-at-14.33.25.jpeg 1600w\" sizes=\"(max-width: 1024px) 100vw, 1024px\" \/>\t\t\t\t\t\t\t\t\t\t\t\t\t\t\t<\/div>\n\t\t\t\t<\/div>\n\t\t\t\t\t<\/div>\n\t\t<\/div>\n\t\t\t\t\t\t\t<\/div>\n\t\t<\/section>\n\t\t\t\t<section class=\"elementor-section elementor-top-section elementor-element elementor-element-355fdd8 elementor-section-boxed elementor-section-height-default elementor-section-height-default elementor-invisible\" data-id=\"355fdd8\" data-element_type=\"section\" data-settings=\"{&quot;animation&quot;:&quot;fadeInLeft&quot;}\">\n\t\t\t\t\t\t<div class=\"elementor-container elementor-column-gap-default\">\n\t\t\t\t\t<div class=\"elementor-column elementor-col-50 elementor-top-column elementor-element elementor-element-82ba4fe\" data-id=\"82ba4fe\" data-element_type=\"column\">\n\t\t\t<div class=\"elementor-widget-wrap elementor-element-populated\">\n\t\t\t\t\t\t\t\t<div class=\"elementor-element elementor-element-615bfec elementor-widget elementor-widget-image\" data-id=\"615bfec\" data-element_type=\"widget\" data-widget_type=\"image.default\">\n\t\t\t\t<div class=\"elementor-widget-container\">\n\t\t\t\t\t\t\t\t\t\t\t\t\t\t\t<img decoding=\"async\" src=\"https:\/\/turismo.pando.gob.bo\/wp-content\/uploads\/elementor\/thumbs\/1-q67n1bvpr8ciq0u4i97amgmj87fbqrpqp3ycb5phu0.png\" title=\"1\" alt=\"1\" \/>\t\t\t\t\t\t\t\t\t\t\t\t\t\t\t<\/div>\n\t\t\t\t<\/div>\n\t\t\t\t\t<\/div>\n\t\t<\/div>\n\t\t\t\t<div class=\"elementor-column elementor-col-50 elementor-top-column elementor-element elementor-element-853c110\" data-id=\"853c110\" data-element_type=\"column\">\n\t\t\t<div class=\"elementor-widget-wrap elementor-element-populated\">\n\t\t\t\t\t\t\t\t<div class=\"elementor-element elementor-element-8057846 elementor-widget elementor-widget-text-editor\" data-id=\"8057846\" data-element_type=\"widget\" data-widget_type=\"text-editor.default\">\n\t\t\t\t<div class=\"elementor-widget-container\">\n\t\t\t\t\t\t\t<h4><strong>MONUMENTO A NICOL\u00c1S SUAREZ CALLAU<\/strong><\/h4><p>Monumento a Don Nicol\u00e1s Suarez Callau, nacido en la ciudad de Santa Cruz de la Sierra un 10 de septiembre de 1851 y fallecido a los 88 a\u00f1os de edad en Cachuela Esperanza el 09 de enero de 1940, obra realiza por el escultor David Paz Callau. Fue un explorador, autodidacta, emprendedor visionario y patriota; primer accionista del Lloyd a\u00e9reo Boliviano, logro que llegara el primer hidroavi\u00f3n con su nombre a Cachuela Esperanza donde se encontraba su residencia.<\/p><p>En octubre de 1902, organizo y financio La columna Porvenir durante la Guerra del Acre, para poder combatir en la Batalla de Bah\u00eda; como tambi\u00e9n en 1932 durante la Guerra del Chaco apoyo con alimentos y recursos econ\u00f3micos.<\/p>\t\t\t\t\t\t<\/div>\n\t\t\t\t<\/div>\n\t\t\t\t\t<\/div>\n\t\t<\/div>\n\t\t\t\t\t\t\t<\/div>\n\t\t<\/section>\n\t\t\t\t<section class=\"elementor-section elementor-top-section elementor-element elementor-element-b5f5570 elementor-section-boxed elementor-section-height-default elementor-section-height-default elementor-invisible\" data-id=\"b5f5570\" data-element_type=\"section\" data-settings=\"{&quot;animation&quot;:&quot;fadeInRight&quot;}\">\n\t\t\t\t\t\t<div class=\"elementor-container elementor-column-gap-default\">\n\t\t\t\t\t<div class=\"elementor-column elementor-col-50 elementor-top-column elementor-element elementor-element-80f73ba\" data-id=\"80f73ba\" data-element_type=\"column\">\n\t\t\t<div class=\"elementor-widget-wrap elementor-element-populated\">\n\t\t\t\t\t\t\t\t<div class=\"elementor-element elementor-element-fb1db99 elementor-widget elementor-widget-text-editor\" data-id=\"fb1db99\" data-element_type=\"widget\" data-widget_type=\"text-editor.default\">\n\t\t\t\t<div class=\"elementor-widget-container\">\n\t\t\t\t\t\t\t<h4 class=\"MsoNormal\" style=\"text-align: center;\" align=\"center\"><b>LA CAPILLA DE LA CRUZ MILAGROSA<\/b><\/h4><p>La Capilla de la Cruz Milagrosa debe a su nombre a un extra\u00f1o hecho ocurrido a finales de la d\u00e9cada de los cuarenta, cuando una misteriosa y hermosa dama vestida de celeste comenz\u00f3 a aparecer en la Colonia Bajo Virtudes, en lo que hoy es conocido como el barrio llamado justamente \u201cLa Cruz\u201d.<\/p><p>La historia relata que aparec\u00eda una enigm\u00e1tica mujer vestida de celeste, apoyada en una estaca del cerco de los Maradey, la dama siempre permanec\u00eda mirando fijamente al firmamento nocturno en completo silencio y luego s\u00fabitamente desaparec\u00eda. Poco a poco la gente de las colonias cercanas comenz\u00f3 a considerarla como un obsequio de Dios, construyendo una peque\u00f1a capilla donde encend\u00edan velas y dec\u00edan sus oraciones.<\/p>\t\t\t\t\t\t<\/div>\n\t\t\t\t<\/div>\n\t\t\t\t\t<\/div>\n\t\t<\/div>\n\t\t\t\t<div class=\"elementor-column elementor-col-50 elementor-top-column elementor-element elementor-element-30d1689\" data-id=\"30d1689\" data-element_type=\"column\">\n\t\t\t<div class=\"elementor-widget-wrap elementor-element-populated\">\n\t\t\t\t\t\t\t\t<div class=\"elementor-element elementor-element-48b9b90 elementor-widget elementor-widget-image\" data-id=\"48b9b90\" data-element_type=\"widget\" data-widget_type=\"image.default\">\n\t\t\t\t<div class=\"elementor-widget-container\">\n\t\t\t\t\t\t\t\t\t\t\t\t\t\t\t<img decoding=\"async\" width=\"1024\" height=\"690\" src=\"https:\/\/turismo.pando.gob.bo\/wp-content\/uploads\/2023\/05\/2-1024x690.png\" class=\"attachment-large size-large\" alt=\"\" loading=\"lazy\" srcset=\"https:\/\/turismo.pando.gob.bo\/wp-content\/uploads\/2023\/05\/2-1024x690.png 1024w, https:\/\/turismo.pando.gob.bo\/wp-content\/uploads\/2023\/05\/2-300x202.png 300w, https:\/\/turismo.pando.gob.bo\/wp-content\/uploads\/2023\/05\/2-768x517.png 768w, https:\/\/turismo.pando.gob.bo\/wp-content\/uploads\/2023\/05\/2.png 1075w\" sizes=\"(max-width: 1024px) 100vw, 1024px\" \/>\t\t\t\t\t\t\t\t\t\t\t\t\t\t\t<\/div>\n\t\t\t\t<\/div>\n\t\t\t\t\t<\/div>\n\t\t<\/div>\n\t\t\t\t\t\t\t<\/div>\n\t\t<\/section>\n\t\t\t\t<section class=\"elementor-section elementor-top-section elementor-element elementor-element-602a1e6 elementor-section-boxed elementor-section-height-default elementor-section-height-default elementor-invisible\" data-id=\"602a1e6\" data-element_type=\"section\" data-settings=\"{&quot;animation&quot;:&quot;fadeInLeft&quot;}\">\n\t\t\t\t\t\t<div class=\"elementor-container elementor-column-gap-default\">\n\t\t\t\t\t<div class=\"elementor-column elementor-col-50 elementor-top-column elementor-element elementor-element-88f2435\" data-id=\"88f2435\" data-element_type=\"column\">\n\t\t\t<div class=\"elementor-widget-wrap elementor-element-populated\">\n\t\t\t\t\t\t\t\t<div class=\"elementor-element elementor-element-68214d0 elementor-widget elementor-widget-image\" data-id=\"68214d0\" data-element_type=\"widget\" data-widget_type=\"image.default\">\n\t\t\t\t<div class=\"elementor-widget-container\">\n\t\t\t\t\t\t\t\t\t\t\t\t\t\t\t<img decoding=\"async\" width=\"1024\" height=\"623\" src=\"https:\/\/turismo.pando.gob.bo\/wp-content\/uploads\/2023\/05\/3-1024x623.png\" class=\"attachment-large size-large\" alt=\"\" loading=\"lazy\" srcset=\"https:\/\/turismo.pando.gob.bo\/wp-content\/uploads\/2023\/05\/3-1024x623.png 1024w, https:\/\/turismo.pando.gob.bo\/wp-content\/uploads\/2023\/05\/3-300x182.png 300w, https:\/\/turismo.pando.gob.bo\/wp-content\/uploads\/2023\/05\/3-768x467.png 768w, https:\/\/turismo.pando.gob.bo\/wp-content\/uploads\/2023\/05\/3.png 1182w\" sizes=\"(max-width: 1024px) 100vw, 1024px\" \/>\t\t\t\t\t\t\t\t\t\t\t\t\t\t\t<\/div>\n\t\t\t\t<\/div>\n\t\t\t\t\t<\/div>\n\t\t<\/div>\n\t\t\t\t<div class=\"elementor-column elementor-col-50 elementor-top-column elementor-element elementor-element-220c0d8\" data-id=\"220c0d8\" data-element_type=\"column\">\n\t\t\t<div class=\"elementor-widget-wrap elementor-element-populated\">\n\t\t\t\t\t\t\t\t<div class=\"elementor-element elementor-element-fd75156 elementor-widget elementor-widget-text-editor\" data-id=\"fd75156\" data-element_type=\"widget\" data-widget_type=\"text-editor.default\">\n\t\t\t\t<div class=\"elementor-widget-container\">\n\t\t\t\t\t\t\t<h4><strong>MONUMENTO EL CARRET\u00d3N<\/strong><\/h4><p>El Carret\u00f3n se encuentra ubicado en Cobija, en la avenida 9 de febrero en el Parque Pi\u00f1ata (parque urbano tur\u00edstico).<\/p><p>Este gran monumento obra del escultor cruce\u00f1o David Paz. Se encuentra en la llamada Rotonda del Carret\u00f3n en predios del antiguo aeropuerto.<\/p><p>Antiguamente los carretones cumplieron un rol importante como medio de transporte en la regi\u00f3n, estaban hechos de madera s\u00f3lida, incluyendo las ruedas que eran jaladas por una o dos yuntas de bueyes. Los antiguos habitantes y colonizadores gomeros lo utilizaban para largos viajes, as\u00ed mismo transportaban cargas pesadas como las bolachas de goma y sacos de casta\u00f1a.<\/p>\t\t\t\t\t\t<\/div>\n\t\t\t\t<\/div>\n\t\t\t\t\t<\/div>\n\t\t<\/div>\n\t\t\t\t\t\t\t<\/div>\n\t\t<\/section>\n\t\t\t\t<section class=\"elementor-section elementor-top-section elementor-element elementor-element-5f2c055 elementor-section-boxed elementor-section-height-default elementor-section-height-default elementor-invisible\" data-id=\"5f2c055\" data-element_type=\"section\" data-settings=\"{&quot;animation&quot;:&quot;fadeInRight&quot;}\">\n\t\t\t\t\t\t<div class=\"elementor-container elementor-column-gap-default\">\n\t\t\t\t\t<div class=\"elementor-column elementor-col-50 elementor-top-column elementor-element elementor-element-b0d5a18\" data-id=\"b0d5a18\" data-element_type=\"column\">\n\t\t\t<div class=\"elementor-widget-wrap elementor-element-populated\">\n\t\t\t\t\t\t\t\t<div class=\"elementor-element elementor-element-68b22ef elementor-widget elementor-widget-text-editor\" data-id=\"68b22ef\" data-element_type=\"widget\" data-widget_type=\"text-editor.default\">\n\t\t\t\t<div class=\"elementor-widget-container\">\n\t\t\t\t\t\t\t<h4><strong>EL PARQUE PI\u00d1ATA<\/strong><\/h4><p>El parque urbano tur\u00edstico m\u00e1s conocido como <strong>\u201cEl Parque Pi\u00f1ata\u201d<\/strong> inaugurado en diciembre del 2008, construido exclusivamente para la recreaci\u00f3n como un espacio e esparcimiento de la poblaci\u00f3n, ubicado done antiguamente era la faja de aterrizaje del anterior aeropuerto.<\/p><p>Lleva el nombre en Homenaje al estudiante Wilber Ferreira C\u00e9spedes, que falleci\u00f3 durante un enfrentamiento entre polic\u00edas y universitarios en el a\u00f1o 1996.<\/p><p>Actualmente el parque Tur\u00edstico Urbano se puede encontrar lugares apropiados para el esparcimiento como ser: quioscos de comida r\u00e1pida, canchas deportivas de futbol, b\u00e1squet, raqueta front\u00f3n. As\u00ed mismo cuenta con un \u00e1rea exclusiva para la recreaci\u00f3n infantil.<\/p>\t\t\t\t\t\t<\/div>\n\t\t\t\t<\/div>\n\t\t\t\t\t<\/div>\n\t\t<\/div>\n\t\t\t\t<div class=\"elementor-column elementor-col-50 elementor-top-column elementor-element elementor-element-a713475\" data-id=\"a713475\" data-element_type=\"column\">\n\t\t\t<div class=\"elementor-widget-wrap elementor-element-populated\">\n\t\t\t\t\t\t\t\t<div class=\"elementor-element elementor-element-bb5b2e2 elementor-widget elementor-widget-image\" data-id=\"bb5b2e2\" data-element_type=\"widget\" data-widget_type=\"image.default\">\n\t\t\t\t<div class=\"elementor-widget-container\">\n\t\t\t\t\t\t\t\t\t\t\t\t\t\t\t<img decoding=\"async\" width=\"713\" height=\"493\" src=\"https:\/\/turismo.pando.gob.bo\/wp-content\/uploads\/2023\/05\/6.png\" class=\"attachment-large size-large\" alt=\"\" loading=\"lazy\" srcset=\"https:\/\/turismo.pando.gob.bo\/wp-content\/uploads\/2023\/05\/6.png 713w, https:\/\/turismo.pando.gob.bo\/wp-content\/uploads\/2023\/05\/6-300x207.png 300w\" sizes=\"(max-width: 713px) 100vw, 713px\" \/>\t\t\t\t\t\t\t\t\t\t\t\t\t\t\t<\/div>\n\t\t\t\t<\/div>\n\t\t\t\t\t<\/div>\n\t\t<\/div>\n\t\t\t\t\t\t\t<\/div>\n\t\t<\/section>\n\t\t\t\t<section class=\"elementor-section elementor-top-section elementor-element elementor-element-e451c33 elementor-section-boxed elementor-section-height-default elementor-section-height-default elementor-invisible\" data-id=\"e451c33\" data-element_type=\"section\" data-settings=\"{&quot;animation&quot;:&quot;fadeInRight&quot;}\">\n\t\t\t\t\t\t<div class=\"elementor-container elementor-column-gap-default\">\n\t\t\t\t\t<div class=\"elementor-column elementor-col-50 elementor-top-column elementor-element elementor-element-3166d02\" data-id=\"3166d02\" data-element_type=\"column\">\n\t\t\t<div class=\"elementor-widget-wrap elementor-element-populated\">\n\t\t\t\t\t\t\t\t<div class=\"elementor-element elementor-element-57693e6 elementor-widget elementor-widget-image\" data-id=\"57693e6\" data-element_type=\"widget\" data-widget_type=\"image.default\">\n\t\t\t\t<div class=\"elementor-widget-container\">\n\t\t\t\t\t\t\t\t\t\t\t\t\t\t\t<img decoding=\"async\" width=\"772\" height=\"711\" src=\"https:\/\/turismo.pando.gob.bo\/wp-content\/uploads\/2023\/05\/15.png\" class=\"attachment-large size-large\" alt=\"\" loading=\"lazy\" srcset=\"https:\/\/turismo.pando.gob.bo\/wp-content\/uploads\/2023\/05\/15.png 772w, https:\/\/turismo.pando.gob.bo\/wp-content\/uploads\/2023\/05\/15-300x276.png 300w, https:\/\/turismo.pando.gob.bo\/wp-content\/uploads\/2023\/05\/15-768x707.png 768w\" sizes=\"(max-width: 772px) 100vw, 772px\" \/>\t\t\t\t\t\t\t\t\t\t\t\t\t\t\t<\/div>\n\t\t\t\t<\/div>\n\t\t\t\t\t<\/div>\n\t\t<\/div>\n\t\t\t\t<div class=\"elementor-column elementor-col-50 elementor-top-column elementor-element elementor-element-3a3c849\" data-id=\"3a3c849\" data-element_type=\"column\">\n\t\t\t<div class=\"elementor-widget-wrap elementor-element-populated\">\n\t\t\t\t\t\t\t\t<div class=\"elementor-element elementor-element-3ba6b08 elementor-widget elementor-widget-text-editor\" data-id=\"3ba6b08\" data-element_type=\"widget\" data-widget_type=\"text-editor.default\">\n\t\t\t\t<div class=\"elementor-widget-container\">\n\t\t\t\t\t\t\t<h4><strong>MONUMENTO A LA BATALLA DE BAH\u00cdA<\/strong><\/h4><p>Monumento a los H\u00e9roes de la Batalla de Bah\u00eda (tres cabezas) ubicada en la avenida 9 de febrero, parque pi\u00f1ata, obra realizada por el escultor David Paz; fue construida en homenaje a la Batalla de Bah\u00eda.<\/p><p>El monumento a los H\u00e9roes de la Batalla de Bah\u00eda se constituye en uno de los monumentos de mayor envergadura de Bolivia, conformados por tres bloques:<\/p><ul><li>Primer bloque: muestra la exuberante flora y fauna de los pueblos ind\u00edgenas originario de la Amazonia.<\/li><li>Segundo bloque: el holocausto de la guerra del Acre, reflejados en la batalla de Babia.<\/li><li>Tercer bloque: se puede apreciar a los exploradores del antiguo territorio de colonias, Bruno Racua flechero ixiame\u00f1o, Nicol\u00e1s Suarez Callau comandante de la columna Porvenir, Gral. Jos\u00e9 Manuel Pando expedicionario de las tierras norte boliviano.<\/li><\/ul>\t\t\t\t\t\t<\/div>\n\t\t\t\t<\/div>\n\t\t\t\t\t<\/div>\n\t\t<\/div>\n\t\t\t\t\t\t\t<\/div>\n\t\t<\/section>\n\t\t\t\t<section class=\"elementor-section elementor-top-section elementor-element elementor-element-45fcad8 elementor-section-boxed elementor-section-height-default elementor-section-height-default elementor-invisible\" data-id=\"45fcad8\" data-element_type=\"section\" data-settings=\"{&quot;animation&quot;:&quot;fadeInUp&quot;}\">\n\t\t\t\t\t\t<div class=\"elementor-container elementor-column-gap-default\">\n\t\t\t\t\t<div class=\"elementor-column elementor-col-50 elementor-top-column elementor-element elementor-element-6829078\" data-id=\"6829078\" data-element_type=\"column\">\n\t\t\t<div class=\"elementor-widget-wrap elementor-element-populated\">\n\t\t\t\t\t\t\t\t<div class=\"elementor-element elementor-element-1c0d853 elementor-widget elementor-widget-text-editor\" data-id=\"1c0d853\" data-element_type=\"widget\" data-widget_type=\"text-editor.default\">\n\t\t\t\t<div class=\"elementor-widget-container\">\n\t\t\t\t\t\t\t<h4><strong>EL CRISTO DE TODOS<\/strong><\/h4><p>El monumento El Cristo se encuentra ubicado en la rotonda de la avenida de 9 de febrero en intersecci\u00f3n con la Av. Internacional que conduce a la localidad de Villa Epitaciolandia en Brasil, creado en la gesti\u00f3n Municipal del Capital An\u00edbal Arab Fadul, el 24 de junio del 1995, se construye por primera obra ejecutada en Cobija, por el escultor cruce\u00f1o David Paz Ramos. Esta escultura es caracter\u00edstica de la capital Pandina llamado tambi\u00e9n Cristo de Todos, representa el esp\u00edritu cristiano del cobije\u00f1o.<\/p>\t\t\t\t\t\t<\/div>\n\t\t\t\t<\/div>\n\t\t\t\t\t<\/div>\n\t\t<\/div>\n\t\t\t\t<div class=\"elementor-column elementor-col-50 elementor-top-column elementor-element elementor-element-0b012d5\" data-id=\"0b012d5\" data-element_type=\"column\">\n\t\t\t<div class=\"elementor-widget-wrap elementor-element-populated\">\n\t\t\t\t\t\t\t\t<div class=\"elementor-element elementor-element-e8176d8 elementor-widget elementor-widget-image\" data-id=\"e8176d8\" data-element_type=\"widget\" data-widget_type=\"image.default\">\n\t\t\t\t<div class=\"elementor-widget-container\">\n\t\t\t\t\t\t\t\t\t\t\t\t\t\t\t<img decoding=\"async\" src=\"https:\/\/turismo.pando.gob.bo\/wp-content\/uploads\/elementor\/thumbs\/4-q67nccjlvbeycvhntxzebkp1iyo0p5haa5resyuduo.png\" title=\"4\" alt=\"4\" \/>\t\t\t\t\t\t\t\t\t\t\t\t\t\t\t<\/div>\n\t\t\t\t<\/div>\n\t\t\t\t\t<\/div>\n\t\t<\/div>\n\t\t\t\t\t\t\t<\/div>\n\t\t<\/section>\n\t\t\t\t<section class=\"elementor-section elementor-top-section elementor-element elementor-element-dd58c86 elementor-section-boxed elementor-section-height-default elementor-section-height-default elementor-invisible\" data-id=\"dd58c86\" data-element_type=\"section\" data-settings=\"{&quot;animation&quot;:&quot;fadeInLeft&quot;}\">\n\t\t\t\t\t\t<div class=\"elementor-container elementor-column-gap-default\">\n\t\t\t\t\t<div class=\"elementor-column elementor-col-50 elementor-top-column elementor-element elementor-element-f643165\" data-id=\"f643165\" data-element_type=\"column\">\n\t\t\t<div class=\"elementor-widget-wrap elementor-element-populated\">\n\t\t\t\t\t\t\t\t<div class=\"elementor-element elementor-element-dcd419c elementor-widget elementor-widget-image\" data-id=\"dcd419c\" data-element_type=\"widget\" data-widget_type=\"image.default\">\n\t\t\t\t<div class=\"elementor-widget-container\">\n\t\t\t\t\t\t\t\t\t\t\t\t\t\t\t<img decoding=\"async\" width=\"944\" height=\"622\" src=\"https:\/\/turismo.pando.gob.bo\/wp-content\/uploads\/2023\/05\/5.png\" class=\"attachment-large size-large\" alt=\"\" loading=\"lazy\" srcset=\"https:\/\/turismo.pando.gob.bo\/wp-content\/uploads\/2023\/05\/5.png 944w, https:\/\/turismo.pando.gob.bo\/wp-content\/uploads\/2023\/05\/5-300x198.png 300w, https:\/\/turismo.pando.gob.bo\/wp-content\/uploads\/2023\/05\/5-768x506.png 768w\" sizes=\"(max-width: 944px) 100vw, 944px\" \/>\t\t\t\t\t\t\t\t\t\t\t\t\t\t\t<\/div>\n\t\t\t\t<\/div>\n\t\t\t\t\t<\/div>\n\t\t<\/div>\n\t\t\t\t<div class=\"elementor-column elementor-col-50 elementor-top-column elementor-element elementor-element-c398b1b\" data-id=\"c398b1b\" data-element_type=\"column\">\n\t\t\t<div class=\"elementor-widget-wrap elementor-element-populated\">\n\t\t\t\t\t\t\t\t<div class=\"elementor-element elementor-element-264013a elementor-widget elementor-widget-text-editor\" data-id=\"264013a\" data-element_type=\"widget\" data-widget_type=\"text-editor.default\">\n\t\t\t\t<div class=\"elementor-widget-container\">\n\t\t\t\t\t\t\t<h4><strong>PUENTE DE LA AMISTAD<\/strong><\/h4><p>Construido y financiado por el Gobierno Federal del Brasil, entregado el 11 de agosto de 2004 con la presencia de los tres presidentes de Brasil, Per\u00fa y Bolivia. El puente es conocido como puente de La Amistad en el lado boliviano y Wilson Pinheiro en el lado de Brasil, en homenaje al ecologista asesinado en Brasileia.<\/p><p>Cuenta con una longitud de 80 metros, aporta a la integraci\u00f3n y alianzas hist\u00f3ricas entre pa\u00edses vecinos, as\u00ed como tambi\u00e9n a la voluntad pol\u00edtica para dinamizar los mercados internacionales y fronterizos en el proceso de integraci\u00f3n, por su imponente infraestructura tambi\u00e9n sirve como escenario paisaj\u00edstico y ornamental de ambas ciudades y est\u00e1 incluido en actividades tur\u00edsticas de recorridos urbanos, como ser City Tour entre otros.<\/p>\t\t\t\t\t\t<\/div>\n\t\t\t\t<\/div>\n\t\t\t\t\t<\/div>\n\t\t<\/div>\n\t\t\t\t\t\t\t<\/div>\n\t\t<\/section>\n\t\t\t\t<section class=\"elementor-section elementor-top-section elementor-element elementor-element-353fd2a elementor-section-boxed elementor-section-height-default elementor-section-height-default elementor-invisible\" data-id=\"353fd2a\" data-element_type=\"section\" data-settings=\"{&quot;animation&quot;:&quot;fadeInLeft&quot;}\">\n\t\t\t\t\t\t<div class=\"elementor-container elementor-column-gap-default\">\n\t\t\t\t\t<div class=\"elementor-column elementor-col-50 elementor-top-column elementor-element elementor-element-833cbce\" data-id=\"833cbce\" data-element_type=\"column\">\n\t\t\t<div class=\"elementor-widget-wrap elementor-element-populated\">\n\t\t\t\t\t\t\t\t<div class=\"elementor-element elementor-element-7165749 elementor-widget elementor-widget-text-editor\" data-id=\"7165749\" data-element_type=\"widget\" data-widget_type=\"text-editor.default\">\n\t\t\t\t<div class=\"elementor-widget-container\">\n\t\t\t\t\t\t\t<h4><strong>MONUMENTO EMILIO FERN\u00c1NDEZ MOLINA<\/strong><\/h4><p>Monumento Emilio Fern\u00e1ndez Molina, ubicado en la avenida del mismo nombre, obra realizada por el escultor David Paz. En Homenaje al Cnel. Emilio Fern\u00e1ndez Molina, defensor del Acre y digno representante de la diplomacia Boliviana, nacido en Sucre capital de Bolivia. Acudi\u00f3 a la campa\u00f1a del Acre donde combati\u00f3 valientemente el 14 de julio de 1899 para proteger la soberan\u00eda del Patrimonio boliviano.<\/p><p>Est\u00e1 relacionado con otros recursos patrimoniales hist\u00f3ricos del centro de la cuidad, se podr\u00eda incluir como City Tour para explicar su importancia hist\u00f3rica en la regi\u00f3n.<\/p>\t\t\t\t\t\t<\/div>\n\t\t\t\t<\/div>\n\t\t\t\t\t<\/div>\n\t\t<\/div>\n\t\t\t\t<div class=\"elementor-column elementor-col-50 elementor-top-column elementor-element elementor-element-faaf582\" data-id=\"faaf582\" data-element_type=\"column\">\n\t\t\t<div class=\"elementor-widget-wrap elementor-element-populated\">\n\t\t\t\t\t\t\t\t<div class=\"elementor-element elementor-element-3df13f4 elementor-widget elementor-widget-image\" data-id=\"3df13f4\" data-element_type=\"widget\" data-widget_type=\"image.default\">\n\t\t\t\t<div class=\"elementor-widget-container\">\n\t\t\t\t\t\t\t\t\t\t\t\t\t\t\t<img decoding=\"async\" src=\"https:\/\/turismo.pando.gob.bo\/wp-content\/uploads\/elementor\/thumbs\/8-q67nqsccup6ip8imioo34fiy11hzxrsulmix6zfo9s.png\" title=\"8\" alt=\"8\" \/>\t\t\t\t\t\t\t\t\t\t\t\t\t\t\t<\/div>\n\t\t\t\t<\/div>\n\t\t\t\t\t<\/div>\n\t\t<\/div>\n\t\t\t\t\t\t\t<\/div>\n\t\t<\/section>\n\t\t\t\t<section class=\"elementor-section elementor-top-section elementor-element elementor-element-1e17458 elementor-section-boxed elementor-section-height-default elementor-section-height-default elementor-invisible\" data-id=\"1e17458\" data-element_type=\"section\" data-settings=\"{&quot;animation&quot;:&quot;fadeInRight&quot;}\">\n\t\t\t\t\t\t<div class=\"elementor-container elementor-column-gap-default\">\n\t\t\t\t\t<div class=\"elementor-column elementor-col-50 elementor-top-column elementor-element elementor-element-037fae7\" data-id=\"037fae7\" data-element_type=\"column\">\n\t\t\t<div class=\"elementor-widget-wrap elementor-element-populated\">\n\t\t\t\t\t\t\t\t<div class=\"elementor-element elementor-element-702a7a5 elementor-widget elementor-widget-image\" data-id=\"702a7a5\" data-element_type=\"widget\" data-widget_type=\"image.default\">\n\t\t\t\t<div class=\"elementor-widget-container\">\n\t\t\t\t\t\t\t\t\t\t\t\t\t\t\t<img decoding=\"async\" width=\"757\" height=\"566\" src=\"https:\/\/turismo.pando.gob.bo\/wp-content\/uploads\/2023\/05\/9.png\" class=\"attachment-large size-large\" alt=\"\" loading=\"lazy\" srcset=\"https:\/\/turismo.pando.gob.bo\/wp-content\/uploads\/2023\/05\/9.png 757w, https:\/\/turismo.pando.gob.bo\/wp-content\/uploads\/2023\/05\/9-300x224.png 300w\" sizes=\"(max-width: 757px) 100vw, 757px\" \/>\t\t\t\t\t\t\t\t\t\t\t\t\t\t\t<\/div>\n\t\t\t\t<\/div>\n\t\t\t\t\t<\/div>\n\t\t<\/div>\n\t\t\t\t<div class=\"elementor-column elementor-col-50 elementor-top-column elementor-element elementor-element-cc0974e\" data-id=\"cc0974e\" data-element_type=\"column\">\n\t\t\t<div class=\"elementor-widget-wrap elementor-element-populated\">\n\t\t\t\t\t\t\t\t<div class=\"elementor-element elementor-element-3dcbd5c elementor-widget elementor-widget-text-editor\" data-id=\"3dcbd5c\" data-element_type=\"widget\" data-widget_type=\"text-editor.default\">\n\t\t\t\t<div class=\"elementor-widget-container\">\n\t\t\t\t\t\t\t<h4><strong>PASEO JUN\u00cdN<\/strong><\/h4><p>Declarado \u201cPatrimonio Hist\u00f3rico Cultural de Bolivia\u201d en el a\u00f1o 2014 a trav\u00e9s de una Ley Nacional al igual que el barrio Jun\u00edn por ser el barrio m\u00e1s antiguo de la jurisdicci\u00f3n del Municipio de Cobija.<\/p><p>Una de las particularidades paisaj\u00edsticas, es la forma de su topograf\u00eda que va subiendo desde el puerto hacia la ciudad, a trav\u00e9s de su escalinata rodeada de importantes palmeras. Un 6 de agosto de 1924, en conmemoraci\u00f3n al primer centenario de la batalla de Jun\u00edn, durante el auge de la goma se constituy\u00f3 en la principal v\u00eda de acceso fluvial, pues conduc\u00eda al puerto Bah\u00eda donde llegaban grandes embarcaciones que transportaban las bolachas de goma y mercader\u00edas importadas, entre otras cosas.<\/p>\t\t\t\t\t\t<\/div>\n\t\t\t\t<\/div>\n\t\t\t\t\t<\/div>\n\t\t<\/div>\n\t\t\t\t\t\t\t<\/div>\n\t\t<\/section>\n\t\t\t\t<section class=\"elementor-section elementor-top-section elementor-element elementor-element-7f71a47 elementor-section-boxed elementor-section-height-default elementor-section-height-default elementor-invisible\" data-id=\"7f71a47\" data-element_type=\"section\" data-settings=\"{&quot;animation&quot;:&quot;fadeInRight&quot;}\">\n\t\t\t\t\t\t<div class=\"elementor-container elementor-column-gap-default\">\n\t\t\t\t\t<div class=\"elementor-column elementor-col-50 elementor-top-column elementor-element elementor-element-2493a1e\" data-id=\"2493a1e\" data-element_type=\"column\">\n\t\t\t<div class=\"elementor-widget-wrap elementor-element-populated\">\n\t\t\t\t\t\t\t\t<div class=\"elementor-element elementor-element-b4773b2 elementor-widget elementor-widget-text-editor\" data-id=\"b4773b2\" data-element_type=\"widget\" data-widget_type=\"text-editor.default\">\n\t\t\t\t<div class=\"elementor-widget-container\">\n\t\t\t\t\t\t\t<h4><strong>PARQUE TUR\u00cdSTICO JOS\u00c9 MANUEL PANDO<\/strong><\/h4><p>El paseo Tur\u00edstico Jos\u00e9 Manuel Pando, m\u00e1s conocido como el <strong>PRADO<\/strong>, el mismo consta de un ornamento paisaj\u00edstico que representa la riqueza de la flora y fauna y los principales usos y costumbres de los habitantes amaz\u00f3nicos.<\/p><p>Se lo puede incluir dentro de un City tour, como tambi\u00e9n utilizarlo para actividades c\u00edvicas, culturales, deportivas tur\u00edsticas, comerciales entre otras.\u00a0<\/p>\t\t\t\t\t\t<\/div>\n\t\t\t\t<\/div>\n\t\t\t\t\t<\/div>\n\t\t<\/div>\n\t\t\t\t<div class=\"elementor-column elementor-col-50 elementor-top-column elementor-element elementor-element-ea0e3a9\" data-id=\"ea0e3a9\" data-element_type=\"column\">\n\t\t\t<div class=\"elementor-widget-wrap elementor-element-populated\">\n\t\t\t\t\t\t\t\t<div class=\"elementor-element elementor-element-ec14262 elementor-widget elementor-widget-image\" data-id=\"ec14262\" data-element_type=\"widget\" data-widget_type=\"image.default\">\n\t\t\t\t<div class=\"elementor-widget-container\">\n\t\t\t\t\t\t\t\t\t\t\t\t\t\t\t<img decoding=\"async\" width=\"805\" height=\"579\" src=\"https:\/\/turismo.pando.gob.bo\/wp-content\/uploads\/2023\/05\/12.png\" class=\"attachment-large size-large\" alt=\"\" loading=\"lazy\" srcset=\"https:\/\/turismo.pando.gob.bo\/wp-content\/uploads\/2023\/05\/12.png 805w, https:\/\/turismo.pando.gob.bo\/wp-content\/uploads\/2023\/05\/12-300x216.png 300w, https:\/\/turismo.pando.gob.bo\/wp-content\/uploads\/2023\/05\/12-768x552.png 768w\" sizes=\"(max-width: 805px) 100vw, 805px\" \/>\t\t\t\t\t\t\t\t\t\t\t\t\t\t\t<\/div>\n\t\t\t\t<\/div>\n\t\t\t\t\t<\/div>\n\t\t<\/div>\n\t\t\t\t\t\t\t<\/div>\n\t\t<\/section>\n\t\t\t\t<section class=\"elementor-section elementor-top-section elementor-element elementor-element-168582c elementor-section-boxed elementor-section-height-default elementor-section-height-default elementor-invisible\" data-id=\"168582c\" data-element_type=\"section\" data-settings=\"{&quot;animation&quot;:&quot;fadeInUp&quot;}\">\n\t\t\t\t\t\t<div class=\"elementor-container elementor-column-gap-default\">\n\t\t\t\t\t<div class=\"elementor-column elementor-col-50 elementor-top-column elementor-element elementor-element-bd3fe26\" data-id=\"bd3fe26\" data-element_type=\"column\">\n\t\t\t<div class=\"elementor-widget-wrap elementor-element-populated\">\n\t\t\t\t\t\t\t\t<div class=\"elementor-element elementor-element-b86bf9f elementor-widget elementor-widget-image\" data-id=\"b86bf9f\" data-element_type=\"widget\" data-widget_type=\"image.default\">\n\t\t\t\t<div class=\"elementor-widget-container\">\n\t\t\t\t\t\t\t\t\t\t\t\t\t\t\t<img decoding=\"async\" src=\"https:\/\/turismo.pando.gob.bo\/wp-content\/uploads\/elementor\/thumbs\/13-q67o0e8ypqc1dqk6eu6sm08kmu52mdy2l6llst6so0.png\" title=\"13\" alt=\"13\" \/>\t\t\t\t\t\t\t\t\t\t\t\t\t\t\t<\/div>\n\t\t\t\t<\/div>\n\t\t\t\t\t<\/div>\n\t\t<\/div>\n\t\t\t\t<div class=\"elementor-column elementor-col-50 elementor-top-column elementor-element elementor-element-565df00\" data-id=\"565df00\" data-element_type=\"column\">\n\t\t\t<div class=\"elementor-widget-wrap elementor-element-populated\">\n\t\t\t\t\t\t\t\t<div class=\"elementor-element elementor-element-b7828ff elementor-widget elementor-widget-text-editor\" data-id=\"b7828ff\" data-element_type=\"widget\" data-widget_type=\"text-editor.default\">\n\t\t\t\t<div class=\"elementor-widget-container\">\n\t\t\t\t\t\t\t<h4><strong>MONUMENTO\u00a0 BRUNO RACUA<\/strong><\/h4><p>Es un monumento que su formaci\u00f3n corresponde al h\u00e9roe de la batalla de Bah\u00eda el ind\u00edgena ixiame\u00f1o Bruno Racua, \u00a0con su flecha incendiaria logro poner en fuga a los invasores que ya se hab\u00edan apoderado y atrincherado fuertemente en la Barraca Bah\u00eda de Nicol\u00e1s Suarez. Dicho monumento encuentra ubicado en la plazuela Potos\u00ed de nuestra ciudad.<\/p><p>Sus caracter\u00edsticas hacen del lugar un sitio conmemorable con mucho potencial hist\u00f3rico, su jardinera con atractivas palmeras que lo rodea y lo convierte en un lugar particular, un lugar muy bonito para visitar y practicar la observaci\u00f3n de la naturaleza.<\/p>\t\t\t\t\t\t<\/div>\n\t\t\t\t<\/div>\n\t\t\t\t\t<\/div>\n\t\t<\/div>\n\t\t\t\t\t\t\t<\/div>\n\t\t<\/section>\n\t\t\t\t<section class=\"elementor-section elementor-top-section elementor-element elementor-element-25accad elementor-section-boxed elementor-section-height-default elementor-section-height-default elementor-invisible\" data-id=\"25accad\" data-element_type=\"section\" data-settings=\"{&quot;animation&quot;:&quot;fadeInLeft&quot;}\">\n\t\t\t\t\t\t<div class=\"elementor-container elementor-column-gap-default\">\n\t\t\t\t\t<div class=\"elementor-column elementor-col-50 elementor-top-column elementor-element elementor-element-8424fb7\" data-id=\"8424fb7\" data-element_type=\"column\">\n\t\t\t<div class=\"elementor-widget-wrap elementor-element-populated\">\n\t\t\t\t\t\t\t\t<div class=\"elementor-element elementor-element-1005e59 elementor-widget elementor-widget-text-editor\" data-id=\"1005e59\" data-element_type=\"widget\" data-widget_type=\"text-editor.default\">\n\t\t\t\t<div class=\"elementor-widget-container\">\n\t\t\t\t\t\t\t<h4><strong>PLAZA POTOS\u00cd<\/strong><\/h4><p>La construcci\u00f3n de la plaza Potos\u00ed de la ciudad de Cobija, fue a requerimiento de la polic\u00eda boliviana Nacional misma que fue construida en el a\u00f1o 1931. En esta plaza destaca el monumento a Bruno Racua H\u00e9roe de la Batalla de Bah\u00eda de la Guerra del Acre.<\/p><p>La hermosa plaza cuenta adem\u00e1s con una fuente de agua en el centro de la misma, no pod\u00edan faltar las palmeras, que son t\u00edpicas de la regi\u00f3n amaz\u00f3nica. Tambi\u00e9n cuenta con elegantes faroles que iluminan el lugar en las frescas noches de nuestra capital pandina.<\/p>\t\t\t\t\t\t<\/div>\n\t\t\t\t<\/div>\n\t\t\t\t\t<\/div>\n\t\t<\/div>\n\t\t\t\t<div class=\"elementor-column elementor-col-50 elementor-top-column elementor-element elementor-element-ba8bafe\" data-id=\"ba8bafe\" data-element_type=\"column\">\n\t\t\t<div class=\"elementor-widget-wrap elementor-element-populated\">\n\t\t\t\t\t\t\t\t<div class=\"elementor-element elementor-element-251534d elementor-widget elementor-widget-image\" data-id=\"251534d\" data-element_type=\"widget\" data-widget_type=\"image.default\">\n\t\t\t\t<div class=\"elementor-widget-container\">\n\t\t\t\t\t\t\t\t\t\t\t\t\t\t\t<img decoding=\"async\" width=\"901\" height=\"675\" src=\"https:\/\/turismo.pando.gob.bo\/wp-content\/uploads\/2023\/05\/14.png\" class=\"attachment-large size-large\" alt=\"\" loading=\"lazy\" srcset=\"https:\/\/turismo.pando.gob.bo\/wp-content\/uploads\/2023\/05\/14.png 901w, https:\/\/turismo.pando.gob.bo\/wp-content\/uploads\/2023\/05\/14-300x225.png 300w, https:\/\/turismo.pando.gob.bo\/wp-content\/uploads\/2023\/05\/14-768x575.png 768w\" sizes=\"(max-width: 901px) 100vw, 901px\" \/>\t\t\t\t\t\t\t\t\t\t\t\t\t\t\t<\/div>\n\t\t\t\t<\/div>\n\t\t\t\t\t<\/div>\n\t\t<\/div>\n\t\t\t\t\t\t\t<\/div>\n\t\t<\/section>\n\t\t\t\t<section class=\"elementor-section elementor-top-section elementor-element elementor-element-186309c elementor-section-boxed elementor-section-height-default elementor-section-height-default elementor-invisible\" data-id=\"186309c\" data-element_type=\"section\" data-settings=\"{&quot;animation&quot;:&quot;fadeInUp&quot;}\">\n\t\t\t\t\t\t<div class=\"elementor-container elementor-column-gap-default\">\n\t\t\t\t\t<div class=\"elementor-column elementor-col-50 elementor-top-column elementor-element elementor-element-89d8a79\" data-id=\"89d8a79\" data-element_type=\"column\">\n\t\t\t<div class=\"elementor-widget-wrap elementor-element-populated\">\n\t\t\t\t\t\t\t\t<div class=\"elementor-element elementor-element-4c68b78 elementor-widget elementor-widget-image\" data-id=\"4c68b78\" data-element_type=\"widget\" data-widget_type=\"image.default\">\n\t\t\t\t<div class=\"elementor-widget-container\">\n\t\t\t\t\t\t\t\t\t\t\t\t\t\t\t<img decoding=\"async\" width=\"807\" height=\"601\" src=\"https:\/\/turismo.pando.gob.bo\/wp-content\/uploads\/2023\/05\/7.png\" class=\"attachment-large size-large\" alt=\"\" loading=\"lazy\" srcset=\"https:\/\/turismo.pando.gob.bo\/wp-content\/uploads\/2023\/05\/7.png 807w, https:\/\/turismo.pando.gob.bo\/wp-content\/uploads\/2023\/05\/7-300x223.png 300w, https:\/\/turismo.pando.gob.bo\/wp-content\/uploads\/2023\/05\/7-768x572.png 768w\" sizes=\"(max-width: 807px) 100vw, 807px\" \/>\t\t\t\t\t\t\t\t\t\t\t\t\t\t\t<\/div>\n\t\t\t\t<\/div>\n\t\t\t\t\t<\/div>\n\t\t<\/div>\n\t\t\t\t<div class=\"elementor-column elementor-col-50 elementor-top-column elementor-element elementor-element-a01c9ac\" data-id=\"a01c9ac\" data-element_type=\"column\">\n\t\t\t<div class=\"elementor-widget-wrap elementor-element-populated\">\n\t\t\t\t\t\t\t\t<div class=\"elementor-element elementor-element-e7fdb6d elementor-widget elementor-widget-text-editor\" data-id=\"e7fdb6d\" data-element_type=\"widget\" data-widget_type=\"text-editor.default\">\n\t\t\t\t<div class=\"elementor-widget-container\">\n\t\t\t\t\t\t\t<h4><strong>IGLESIA NUESTRA SE\u00d1ORA DEL PILAR<\/strong><\/h4><p>Construida en 1930 por gestiones del p\u00e1rroco Maximiliano Campos, en su interior se pueden apreciar murales y cuadros con temas religiosos cargados de sincretismo donde se fusionan elementos de la cultura amaz\u00f3nica y la fe cat\u00f3lica. Muestra de ello es la imagen de Jesucristo crucificado en un \u00e1rbol de goma, al igual que la representaci\u00f3n de un nacimiento en una comunidad rural con los tres reyes magos siringuero casta\u00f1ero entregando regalos de goma y casta\u00f1a al ni\u00f1o Jes\u00fas.<\/p>\t\t\t\t\t\t<\/div>\n\t\t\t\t<\/div>\n\t\t\t\t\t<\/div>\n\t\t<\/div>\n\t\t\t\t\t\t\t<\/div>\n\t\t<\/section>\n\t\t\t\t<section class=\"elementor-section elementor-top-section elementor-element elementor-element-9d97e85 elementor-section-boxed elementor-section-height-default elementor-section-height-default elementor-invisible\" data-id=\"9d97e85\" data-element_type=\"section\" data-settings=\"{&quot;animation&quot;:&quot;fadeInUp&quot;}\">\n\t\t\t\t\t\t<div class=\"elementor-container elementor-column-gap-default\">\n\t\t\t\t\t<div class=\"elementor-column elementor-col-50 elementor-top-column elementor-element elementor-element-2690964\" data-id=\"2690964\" data-element_type=\"column\">\n\t\t\t<div class=\"elementor-widget-wrap elementor-element-populated\">\n\t\t\t\t\t\t\t\t<div class=\"elementor-element elementor-element-5de1ff0 elementor-widget elementor-widget-text-editor\" data-id=\"5de1ff0\" data-element_type=\"widget\" data-widget_type=\"text-editor.default\">\n\t\t\t\t<div class=\"elementor-widget-container\">\n\t\t\t\t\t\t\t<h4><strong>PLAZA PRINCIPAL GERMAN BUSCH<\/strong><\/h4><p>Nombre original de la plaza en principio era General Jos\u00e9 Manuel Pando, fue cambiado por el nombre actual en homenaje al h\u00e9roe de la Guerra del Chaco y creador del departamento de Pando (1938) Teniente Coronel German Busch.<\/p><p>La plaza se encuentra ubicada en la calle La Paz esquina Bruno Racua, dentro de la plaza se encuentran las muestras del genuino y notable sentimiento nacionalista del cobije\u00f1o, como la columna Porvenir, el monumento a German Busch, y el hermoso busto de Bol\u00edvar.<\/p>\t\t\t\t\t\t<\/div>\n\t\t\t\t<\/div>\n\t\t\t\t\t<\/div>\n\t\t<\/div>\n\t\t\t\t<div class=\"elementor-column elementor-col-50 elementor-top-column elementor-element elementor-element-8678bf9\" data-id=\"8678bf9\" data-element_type=\"column\">\n\t\t\t<div class=\"elementor-widget-wrap elementor-element-populated\">\n\t\t\t\t\t\t\t\t<div class=\"elementor-element elementor-element-f8091ac elementor-widget elementor-widget-image\" data-id=\"f8091ac\" data-element_type=\"widget\" data-widget_type=\"image.default\">\n\t\t\t\t<div class=\"elementor-widget-container\">\n\t\t\t\t\t\t\t\t\t\t\t\t\t\t\t<img decoding=\"async\" width=\"856\" height=\"594\" src=\"https:\/\/turismo.pando.gob.bo\/wp-content\/uploads\/2023\/05\/16.png\" class=\"attachment-large size-large\" alt=\"\" loading=\"lazy\" srcset=\"https:\/\/turismo.pando.gob.bo\/wp-content\/uploads\/2023\/05\/16.png 856w, https:\/\/turismo.pando.gob.bo\/wp-content\/uploads\/2023\/05\/16-300x208.png 300w, https:\/\/turismo.pando.gob.bo\/wp-content\/uploads\/2023\/05\/16-768x533.png 768w\" sizes=\"(max-width: 856px) 100vw, 856px\" \/>\t\t\t\t\t\t\t\t\t\t\t\t\t\t\t<\/div>\n\t\t\t\t<\/div>\n\t\t\t\t\t<\/div>\n\t\t<\/div>\n\t\t\t\t\t\t\t<\/div>\n\t\t<\/section>\n\t\t\t\t<section class=\"elementor-section elementor-top-section elementor-element elementor-element-f546126 elementor-section-boxed elementor-section-height-default elementor-section-height-default elementor-invisible\" data-id=\"f546126\" data-element_type=\"section\" data-settings=\"{&quot;animation&quot;:&quot;fadeInRight&quot;}\">\n\t\t\t\t\t\t<div class=\"elementor-container elementor-column-gap-default\">\n\t\t\t\t\t<div class=\"elementor-column elementor-col-50 elementor-top-column elementor-element elementor-element-8de4d02\" data-id=\"8de4d02\" data-element_type=\"column\">\n\t\t\t<div class=\"elementor-widget-wrap elementor-element-populated\">\n\t\t\t\t\t\t\t\t<div class=\"elementor-element elementor-element-d7db605 elementor-widget elementor-widget-image\" data-id=\"d7db605\" data-element_type=\"widget\" data-widget_type=\"image.default\">\n\t\t\t\t<div class=\"elementor-widget-container\">\n\t\t\t\t\t\t\t\t\t\t\t\t\t\t\t<img decoding=\"async\" width=\"775\" height=\"669\" src=\"https:\/\/turismo.pando.gob.bo\/wp-content\/uploads\/2023\/05\/11.png\" class=\"attachment-large size-large\" alt=\"\" loading=\"lazy\" srcset=\"https:\/\/turismo.pando.gob.bo\/wp-content\/uploads\/2023\/05\/11.png 775w, https:\/\/turismo.pando.gob.bo\/wp-content\/uploads\/2023\/05\/11-300x259.png 300w, https:\/\/turismo.pando.gob.bo\/wp-content\/uploads\/2023\/05\/11-768x663.png 768w\" sizes=\"(max-width: 775px) 100vw, 775px\" \/>\t\t\t\t\t\t\t\t\t\t\t\t\t\t\t<\/div>\n\t\t\t\t<\/div>\n\t\t\t\t\t<\/div>\n\t\t<\/div>\n\t\t\t\t<div class=\"elementor-column elementor-col-50 elementor-top-column elementor-element elementor-element-e90db9c\" data-id=\"e90db9c\" data-element_type=\"column\">\n\t\t\t<div class=\"elementor-widget-wrap elementor-element-populated\">\n\t\t\t\t\t\t\t\t<div class=\"elementor-element elementor-element-93c37ba elementor-widget elementor-widget-text-editor\" data-id=\"93c37ba\" data-element_type=\"widget\" data-widget_type=\"text-editor.default\">\n\t\t\t\t<div class=\"elementor-widget-container\">\n\t\t\t\t\t\t\t<h4><strong>MONUMENTO AL SIRINGUERO <\/strong><strong>PORVENIR <\/strong><\/h4><p>Picador, freguez o siringuero, \u00e9ste esforzado trabajador del bosque amaz\u00f3nico atraves\u00f3 una transici\u00f3n en su actividad laboral, pasando de siringuero a casta\u00f1ero; amabas actividades extractivas se realizan en la profundidad del bosque desde tempranas horas de la ma\u00f1ana, cambiando sus principales herramientas de trabajo (extracci\u00f3n de la goma), sustituyendo la bolacha de la goma por la barrica de casta\u00f1a.<\/p>\t\t\t\t\t\t<\/div>\n\t\t\t\t<\/div>\n\t\t\t\t\t<\/div>\n\t\t<\/div>\n\t\t\t\t\t\t\t<\/div>\n\t\t<\/section>\n\t\t\t\t<section class=\"elementor-section elementor-top-section elementor-element elementor-element-acbba6a elementor-section-boxed elementor-section-height-default elementor-section-height-default elementor-invisible\" data-id=\"acbba6a\" data-element_type=\"section\" data-settings=\"{&quot;animation&quot;:&quot;fadeInLeft&quot;}\">\n\t\t\t\t\t\t<div class=\"elementor-container elementor-column-gap-default\">\n\t\t\t\t\t<div class=\"elementor-column elementor-col-50 elementor-top-column elementor-element elementor-element-653fadf\" data-id=\"653fadf\" data-element_type=\"column\">\n\t\t\t<div class=\"elementor-widget-wrap elementor-element-populated\">\n\t\t\t\t\t\t\t\t<div class=\"elementor-element elementor-element-97d79d2 elementor-widget elementor-widget-text-editor\" data-id=\"97d79d2\" data-element_type=\"widget\" data-widget_type=\"text-editor.default\">\n\t\t\t\t<div class=\"elementor-widget-container\">\n\t\t\t\t\t\t\t<h4><strong>LA COLUMNA PORVENIR<\/strong><\/h4><p>Monumento en forma de obelisco creado en homenaje a la legendaria Columna Porvenir, ubicado en la Plaza de Armas German Bush Becerra, construida por el se\u00f1or Adolfo S\u00e1nchez durante la gesti\u00f3n del Prefecto Cnel. Carlos Menacho\u00a0 el 11 de octubre de 1965.<\/p><p>La columna Porvenir fue comanda y financiada por empresario gomero Nicol\u00e1s Suarez Callau, el 11 de octubre de 1902; dicha Batalla se destac\u00f3 la participaci\u00f3n del ind\u00edgena ixiame\u00f1o Bruno Racua que logra alcanzar con su flecha incendiaria, obligando a salir despavoridos a los enemigos brasile\u00f1os, exponi\u00e9ndose como blancos f\u00e1ciles para las balas y flechas de los audaces siringueros de la Columna Porvenir.<\/p>\t\t\t\t\t\t<\/div>\n\t\t\t\t<\/div>\n\t\t\t\t\t<\/div>\n\t\t<\/div>\n\t\t\t\t<div class=\"elementor-column elementor-col-50 elementor-top-column elementor-element elementor-element-a88a051\" data-id=\"a88a051\" data-element_type=\"column\">\n\t\t\t<div class=\"elementor-widget-wrap elementor-element-populated\">\n\t\t\t\t\t\t\t\t<div class=\"elementor-element elementor-element-35dc506 elementor-widget elementor-widget-image\" data-id=\"35dc506\" data-element_type=\"widget\" data-widget_type=\"image.default\">\n\t\t\t\t<div class=\"elementor-widget-container\">\n\t\t\t\t\t\t\t\t\t\t\t\t\t\t\t<img decoding=\"async\" width=\"610\" height=\"754\" src=\"https:\/\/turismo.pando.gob.bo\/wp-content\/uploads\/2023\/05\/10.png\" class=\"attachment-medium_large size-medium_large\" alt=\"\" loading=\"lazy\" srcset=\"https:\/\/turismo.pando.gob.bo\/wp-content\/uploads\/2023\/05\/10.png 610w, https:\/\/turismo.pando.gob.bo\/wp-content\/uploads\/2023\/05\/10-243x300.png 243w\" sizes=\"(max-width: 610px) 100vw, 610px\" \/>\t\t\t\t\t\t\t\t\t\t\t\t\t\t\t<\/div>\n\t\t\t\t<\/div>\n\t\t\t\t\t<\/div>\n\t\t<\/div>\n\t\t\t\t\t\t\t<\/div>\n\t\t<\/section>\n\t\t\t\t<section class=\"elementor-section elementor-top-section elementor-element elementor-element-f606fce elementor-section-boxed elementor-section-height-default elementor-section-height-default elementor-invisible\" data-id=\"f606fce\" data-element_type=\"section\" data-settings=\"{&quot;animation&quot;:&quot;fadeInRight&quot;}\">\n\t\t\t\t\t\t<div class=\"elementor-container elementor-column-gap-default\">\n\t\t\t\t\t<div class=\"elementor-column elementor-col-50 elementor-top-column elementor-element elementor-element-7b20b71\" data-id=\"7b20b71\" data-element_type=\"column\">\n\t\t\t<div class=\"elementor-widget-wrap elementor-element-populated\">\n\t\t\t\t\t\t\t\t<div class=\"elementor-element elementor-element-aa44423 elementor-widget elementor-widget-image\" data-id=\"aa44423\" data-element_type=\"widget\" data-widget_type=\"image.default\">\n\t\t\t\t<div class=\"elementor-widget-container\">\n\t\t\t\t\t\t\t\t\t\t\t\t\t\t\t<img decoding=\"async\" width=\"167\" height=\"350\" src=\"https:\/\/turismo.pando.gob.bo\/wp-content\/uploads\/2025\/06\/SIMON-BOLIVAR-2.jpg\" class=\"attachment-large size-large\" alt=\"\" loading=\"lazy\" srcset=\"https:\/\/turismo.pando.gob.bo\/wp-content\/uploads\/2025\/06\/SIMON-BOLIVAR-2.jpg 167w, https:\/\/turismo.pando.gob.bo\/wp-content\/uploads\/2025\/06\/SIMON-BOLIVAR-2-143x300.jpg 143w\" sizes=\"(max-width: 167px) 100vw, 167px\" \/>\t\t\t\t\t\t\t\t\t\t\t\t\t\t\t<\/div>\n\t\t\t\t<\/div>\n\t\t\t\t\t<\/div>\n\t\t<\/div>\n\t\t\t\t<div class=\"elementor-column elementor-col-50 elementor-top-column elementor-element elementor-element-2976243\" data-id=\"2976243\" data-element_type=\"column\">\n\t\t\t<div class=\"elementor-widget-wrap elementor-element-populated\">\n\t\t\t\t\t\t\t\t<div class=\"elementor-element elementor-element-8a75bd0 elementor-widget elementor-widget-text-editor\" data-id=\"8a75bd0\" data-element_type=\"widget\" data-widget_type=\"text-editor.default\">\n\t\t\t\t<div class=\"elementor-widget-container\">\n\t\t\t\t\t\t\t<h4><strong>BUSTO DE SIM\u00d3N BOL\u00cdVAR<\/strong><\/h4>\n<div><strong><span style=\"font-weight: 400;\">El busto a Sim\u00f3n Bol\u00edvar fue obsequiado por la numerosa colonia sirio-libanesa de cobija en homenaje al primer centenario de la independencia de Bolivia, el 6 de agosto de 1825. Sim\u00f3n Jos\u00e9 Antonio de la Sant\u00edsima trinidad bol\u00edvar y palacios. Naci\u00f3 en Caracas el 24 de julio de 1785. Su maestro educador fue el venezolano Sim\u00f3n Rodr\u00edguez, la batalla m\u00e1s importante que gan\u00f3 fue la de Ayacucho y Jun\u00edn, consolidando la independencia del Per\u00fa que se divide en Alto y Bajo Per\u00fa, Alto Per\u00fa se constituye el 6 de agosto de 1825, en naci\u00f3n independiente bajo la protecci\u00f3n de Bol\u00edvar, cuyo nombre se inspira en una nueva Rep\u00fablica llamada Rep\u00fablica del Bol\u00edvar y despu\u00e9s cambiaron por el nombre actual llamada Bolivia.<\/span><\/strong><\/div>\t\t\t\t\t\t<\/div>\n\t\t\t\t<\/div>\n\t\t\t\t\t<\/div>\n\t\t<\/div>\n\t\t\t\t\t\t\t<\/div>\n\t\t<\/section>\n\t\t\t\t<section class=\"elementor-section elementor-top-section elementor-element elementor-element-ec7db52 elementor-section-boxed elementor-section-height-default elementor-section-height-default\" data-id=\"ec7db52\" data-element_type=\"section\">\n\t\t\t\t\t\t<div class=\"elementor-container elementor-column-gap-default\">\n\t\t\t\t\t<div class=\"elementor-column elementor-col-50 elementor-top-column elementor-element elementor-element-ac3e637\" data-id=\"ac3e637\" data-element_type=\"column\">\n\t\t\t<div class=\"elementor-widget-wrap elementor-element-populated\">\n\t\t\t\t\t\t\t\t<div class=\"elementor-element elementor-element-eeab62f elementor-widget elementor-widget-text-editor\" data-id=\"eeab62f\" data-element_type=\"widget\" data-widget_type=\"text-editor.default\">\n\t\t\t\t<div class=\"elementor-widget-container\">\n\t\t\t\t\t\t\t<h4><strong>MONUMENTO GERMAN BUSCH BECERRA<\/strong><\/h4><p><span style=\"font-weight: 400;\">El monumento est\u00e1 ubicado en la plaza principal de Cobija que lleva el nombre del creador del departamento, otra obra del escultor cruce\u00f1o David Paz por encargo del gobierno municipal en la gesti\u00f3n 2000.<\/span><\/p><p><span style=\"font-weight: 400;\">El Gral. Bush es una de las figuras m\u00e1s descollantes en la historia de este departamento, durante su gobierno se cre\u00f3 el departamento de Pando un 24 de septiembre de 1938, Germ\u00e1n Busch Becerra naci\u00f3 en San Javier &#8211; Santa Cruz, el 23 de marzo de 1904.<\/span><\/p>\t\t\t\t\t\t<\/div>\n\t\t\t\t<\/div>\n\t\t\t\t\t<\/div>\n\t\t<\/div>\n\t\t\t\t<div class=\"elementor-column elementor-col-50 elementor-top-column elementor-element elementor-element-4ebcc53\" data-id=\"4ebcc53\" data-element_type=\"column\">\n\t\t\t<div class=\"elementor-widget-wrap elementor-element-populated\">\n\t\t\t\t\t\t\t\t<div class=\"elementor-element elementor-element-132ad0d elementor-widget elementor-widget-image\" data-id=\"132ad0d\" data-element_type=\"widget\" data-widget_type=\"image.default\">\n\t\t\t\t<div class=\"elementor-widget-container\">\n\t\t\t\t\t\t\t\t\t\t\t\t\t\t\t<img decoding=\"async\" width=\"805\" height=\"628\" src=\"https:\/\/turismo.pando.gob.bo\/wp-content\/uploads\/2025\/06\/gral.-bush.jpg\" class=\"attachment-large size-large\" alt=\"\" loading=\"lazy\" srcset=\"https:\/\/turismo.pando.gob.bo\/wp-content\/uploads\/2025\/06\/gral.-bush.jpg 805w, https:\/\/turismo.pando.gob.bo\/wp-content\/uploads\/2025\/06\/gral.-bush-300x234.jpg 300w, https:\/\/turismo.pando.gob.bo\/wp-content\/uploads\/2025\/06\/gral.-bush-768x599.jpg 768w\" sizes=\"(max-width: 805px) 100vw, 805px\" \/>\t\t\t\t\t\t\t\t\t\t\t\t\t\t\t<\/div>\n\t\t\t\t<\/div>\n\t\t\t\t\t<\/div>\n\t\t<\/div>\n\t\t\t\t\t\t\t<\/div>\n\t\t<\/section>\n\t\t\t\t<section class=\"elementor-section elementor-top-section elementor-element elementor-element-763f3d4 elementor-section-boxed elementor-section-height-default elementor-section-height-default\" data-id=\"763f3d4\" data-element_type=\"section\">\n\t\t\t\t\t\t<div class=\"elementor-container elementor-column-gap-default\">\n\t\t\t\t\t<div class=\"elementor-column elementor-col-50 elementor-top-column elementor-element elementor-element-fa28c5f\" data-id=\"fa28c5f\" data-element_type=\"column\">\n\t\t\t<div class=\"elementor-widget-wrap elementor-element-populated\">\n\t\t\t\t\t\t\t\t<div class=\"elementor-element elementor-element-a26576c elementor-widget elementor-widget-image\" data-id=\"a26576c\" data-element_type=\"widget\" data-widget_type=\"image.default\">\n\t\t\t\t<div class=\"elementor-widget-container\">\n\t\t\t\t\t\t\t\t\t\t\t\t\t\t\t<img decoding=\"async\" width=\"1024\" height=\"473\" src=\"https:\/\/turismo.pando.gob.bo\/wp-content\/uploads\/2025\/07\/mural-UAP-1024x473.jpg\" class=\"attachment-large size-large\" alt=\"\" loading=\"lazy\" srcset=\"https:\/\/turismo.pando.gob.bo\/wp-content\/uploads\/2025\/07\/mural-UAP-1024x473.jpg 1024w, https:\/\/turismo.pando.gob.bo\/wp-content\/uploads\/2025\/07\/mural-UAP-300x138.jpg 300w, https:\/\/turismo.pando.gob.bo\/wp-content\/uploads\/2025\/07\/mural-UAP-768x354.jpg 768w, https:\/\/turismo.pando.gob.bo\/wp-content\/uploads\/2025\/07\/mural-UAP-1536x709.jpg 1536w, https:\/\/turismo.pando.gob.bo\/wp-content\/uploads\/2025\/07\/mural-UAP.jpg 1560w\" sizes=\"(max-width: 1024px) 100vw, 1024px\" \/>\t\t\t\t\t\t\t\t\t\t\t\t\t\t\t<\/div>\n\t\t\t\t<\/div>\n\t\t\t\t\t<\/div>\n\t\t<\/div>\n\t\t\t\t<div class=\"elementor-column elementor-col-50 elementor-top-column elementor-element elementor-element-6c3d737\" data-id=\"6c3d737\" data-element_type=\"column\">\n\t\t\t<div class=\"elementor-widget-wrap elementor-element-populated\">\n\t\t\t\t\t\t\t\t<div class=\"elementor-element elementor-element-8564a9a elementor-widget elementor-widget-text-editor\" data-id=\"8564a9a\" data-element_type=\"widget\" data-widget_type=\"text-editor.default\">\n\t\t\t\t<div class=\"elementor-widget-container\">\n\t\t\t\t\t\t\t<h4><strong>MURAL DE LA UNIVERSIDAD AMAZONICA DE PANDO<\/strong><\/h4><p>El mural de la Universidad Amaz\u00f3nica de Pando es una obra art\u00edstica emblem\u00e1tica que representa la identidad cultural, natural y social del norte amaz\u00f3nico boliviano. A trav\u00e9s de colores vivos y figuras simb\u00f3licas, refleja la riqueza de la biodiversidad, la sabidur\u00eda ancestral de los pueblos ind\u00edgenas, la lucha por el desarrollo regional y el compromiso con la educaci\u00f3n.<\/p>\t\t\t\t\t\t<\/div>\n\t\t\t\t<\/div>\n\t\t\t\t\t<\/div>\n\t\t<\/div>\n\t\t\t\t\t\t\t<\/div>\n\t\t<\/section>\n\t\t\t\t<section class=\"elementor-section elementor-top-section elementor-element elementor-element-f0d478f elementor-section-boxed elementor-section-height-default elementor-section-height-default\" data-id=\"f0d478f\" data-element_type=\"section\">\n\t\t\t\t\t\t<div class=\"elementor-container elementor-column-gap-default\">\n\t\t\t\t\t<div class=\"elementor-column elementor-col-33 elementor-top-column elementor-element elementor-element-59b69bd\" data-id=\"59b69bd\" data-element_type=\"column\">\n\t\t\t<div class=\"elementor-widget-wrap elementor-element-populated\">\n\t\t\t\t\t\t\t\t<div class=\"elementor-element elementor-element-1ca4741 elementor-widget elementor-widget-text-editor\" data-id=\"1ca4741\" data-element_type=\"widget\" data-widget_type=\"text-editor.default\">\n\t\t\t\t<div class=\"elementor-widget-container\">\n\t\t\t\t\t\t\t<h3><strong>MUSEO DE HISTORIA NATURAL PEDRO VILLALOBOS<\/strong><\/h3><p>Horarios:<br \/>Lunes a Viernes<br \/>08:00 a 12:00\u00a0<br \/>14:00 a 18:00<\/p><p>El Museo de Historia Natural Pedro Villalobos es un espacio dedicado a la conservaci\u00f3n, exhibici\u00f3n y educaci\u00f3n sobre la biodiversidad del norte amaz\u00f3nico de Bolivia. A trav\u00e9s de sus salas tem\u00e1ticas, ofrece una experiencia \u00fanica para estudiantes, investigadores y visitantes en general.<\/p><p style=\"text-align: center;\">\u00a0<\/p>\t\t\t\t\t\t<\/div>\n\t\t\t\t<\/div>\n\t\t\t\t\t<\/div>\n\t\t<\/div>\n\t\t\t\t<div class=\"elementor-column elementor-col-66 elementor-top-column elementor-element elementor-element-6b36306\" data-id=\"6b36306\" data-element_type=\"column\">\n\t\t\t<div class=\"elementor-widget-wrap elementor-element-populated\">\n\t\t\t\t\t\t\t\t<section class=\"elementor-section elementor-inner-section elementor-element elementor-element-4ded65c elementor-section-boxed elementor-section-height-default elementor-section-height-default\" data-id=\"4ded65c\" data-element_type=\"section\">\n\t\t\t\t\t\t<div class=\"elementor-container elementor-column-gap-default\">\n\t\t\t\t\t<div class=\"elementor-column elementor-col-50 elementor-inner-column elementor-element elementor-element-88812f7\" data-id=\"88812f7\" data-element_type=\"column\">\n\t\t\t<div class=\"elementor-widget-wrap elementor-element-populated\">\n\t\t\t\t\t\t\t\t<div class=\"elementor-element elementor-element-b6b6af2 elementor-widget elementor-widget-text-editor\" data-id=\"b6b6af2\" data-element_type=\"widget\" data-widget_type=\"text-editor.default\">\n\t\t\t\t<div class=\"elementor-widget-container\">\n\t\t\t\t\t\t\t<h5><strong>Sala de Esqueletos<\/strong><\/h5><p>Presenta esqueletos completos y parciales de diversas especies, lo que permite conocer su estructura \u00f3sea y adaptaciones evolutivas. Es una sala educativa que despierta gran inter\u00e9s cient\u00edfico.<\/p>\t\t\t\t\t\t<\/div>\n\t\t\t\t<\/div>\n\t\t\t\t\t<\/div>\n\t\t<\/div>\n\t\t\t\t<div class=\"elementor-column elementor-col-50 elementor-inner-column elementor-element elementor-element-0b6f4bf\" data-id=\"0b6f4bf\" data-element_type=\"column\">\n\t\t\t<div class=\"elementor-widget-wrap elementor-element-populated\">\n\t\t\t\t\t\t\t\t<div class=\"elementor-element elementor-element-13026eb elementor-widget elementor-widget-image-carousel\" data-id=\"13026eb\" data-element_type=\"widget\" data-settings=\"{&quot;slides_to_show&quot;:&quot;2&quot;,&quot;navigation&quot;:&quot;none&quot;,&quot;autoplay&quot;:&quot;yes&quot;,&quot;pause_on_hover&quot;:&quot;yes&quot;,&quot;pause_on_interaction&quot;:&quot;yes&quot;,&quot;autoplay_speed&quot;:5000,&quot;infinite&quot;:&quot;yes&quot;,&quot;speed&quot;:500,&quot;image_spacing_custom&quot;:{&quot;unit&quot;:&quot;px&quot;,&quot;size&quot;:20,&quot;sizes&quot;:[]}}\" data-widget_type=\"image-carousel.default\">\n\t\t\t\t<div class=\"elementor-widget-container\">\n\t\t\t<style>\/*! elementor - v3.7.7 - 20-09-2022 *\/\n.elementor-widget-image-carousel .swiper-container{position:static}.elementor-widget-image-carousel .swiper-container .swiper-slide figure{line-height:inherit}.elementor-widget-image-carousel .swiper-slide{text-align:center}.elementor-image-carousel-wrapper:not(.swiper-container-initialized) .swiper-slide{max-width:calc(100% \/ var(--e-image-carousel-slides-to-show, 3))}<\/style>\t\t<div class=\"elementor-image-carousel-wrapper swiper-container\" dir=\"ltr\">\n\t\t\t<div class=\"elementor-image-carousel swiper-wrapper\">\n\t\t\t\t\t\t\t\t<div class=\"swiper-slide\"><figure class=\"swiper-slide-inner\"><img decoding=\"async\" class=\"swiper-slide-image\" src=\"https:\/\/turismo.pando.gob.bo\/wp-content\/uploads\/elementor\/thumbs\/WhatsApp-Image-2025-07-02-at-14.51.49-r86i2rnxq2yeprjtab9e71exjwt2b5oflr3szfafh8.jpeg\" alt=\"WhatsApp Image 2025-07-02 at 14.51.49\" \/><\/figure><\/div><div class=\"swiper-slide\"><figure class=\"swiper-slide-inner\"><img decoding=\"async\" class=\"swiper-slide-image\" src=\"https:\/\/turismo.pando.gob.bo\/wp-content\/uploads\/elementor\/thumbs\/WhatsApp-Image-2025-07-02-at-14.51.48-r86i2slrwwzp1dig4to0rj6e5aofius5xvragp91b0.jpeg\" alt=\"WhatsApp Image 2025-07-02 at 14.51.48\" \/><\/figure><\/div>\t\t\t<\/div>\n\t\t\t\t\t\t\t\t\t\t\t\t\t\t\t\t<\/div>\n\t\t\t\t<\/div>\n\t\t\t\t<\/div>\n\t\t\t\t\t<\/div>\n\t\t<\/div>\n\t\t\t\t\t\t\t<\/div>\n\t\t<\/section>\n\t\t\t\t<section class=\"elementor-section elementor-inner-section elementor-element elementor-element-af87e3f elementor-section-boxed elementor-section-height-default elementor-section-height-default\" data-id=\"af87e3f\" data-element_type=\"section\">\n\t\t\t\t\t\t<div class=\"elementor-container elementor-column-gap-default\">\n\t\t\t\t\t<div class=\"elementor-column elementor-col-50 elementor-inner-column elementor-element elementor-element-1718796\" data-id=\"1718796\" data-element_type=\"column\">\n\t\t\t<div class=\"elementor-widget-wrap elementor-element-populated\">\n\t\t\t\t\t\t\t\t<div class=\"elementor-element elementor-element-21510ea elementor-widget elementor-widget-image-carousel\" data-id=\"21510ea\" data-element_type=\"widget\" data-settings=\"{&quot;slides_to_show&quot;:&quot;2&quot;,&quot;navigation&quot;:&quot;none&quot;,&quot;autoplay&quot;:&quot;yes&quot;,&quot;pause_on_hover&quot;:&quot;yes&quot;,&quot;pause_on_interaction&quot;:&quot;yes&quot;,&quot;autoplay_speed&quot;:5000,&quot;infinite&quot;:&quot;yes&quot;,&quot;speed&quot;:500}\" data-widget_type=\"image-carousel.default\">\n\t\t\t\t<div class=\"elementor-widget-container\">\n\t\t\t\t\t<div class=\"elementor-image-carousel-wrapper swiper-container\" dir=\"ltr\">\n\t\t\t<div class=\"elementor-image-carousel swiper-wrapper\">\n\t\t\t\t\t\t\t\t<div class=\"swiper-slide\"><figure class=\"swiper-slide-inner\"><img decoding=\"async\" class=\"swiper-slide-image\" src=\"https:\/\/turismo.pando.gob.bo\/wp-content\/uploads\/elementor\/thumbs\/WhatsApp-Image-2025-07-02-at-14.51.47-r86i2tjlhtmrjze7rvn29zio80fzeoa1c446v9z148.jpeg\" alt=\"WhatsApp Image 2025-07-02 at 14.51.47\" \/><\/figure><\/div><div class=\"swiper-slide\"><figure class=\"swiper-slide-inner\"><img decoding=\"async\" class=\"swiper-slide-image\" src=\"https:\/\/turismo.pando.gob.bo\/wp-content\/uploads\/elementor\/thumbs\/WhatsApp-Image-2025-07-02-at-14.51.47-1-r86i2tjlhtmrjze7rvn29zio80fzeoa1c446v9z148.jpeg\" alt=\"WhatsApp Image 2025-07-02 at 14.51.47 (1)\" \/><\/figure><\/div>\t\t\t<\/div>\n\t\t\t\t\t\t\t\t\t\t\t\t\t\t\t\t<\/div>\n\t\t\t\t<\/div>\n\t\t\t\t<\/div>\n\t\t\t\t\t<\/div>\n\t\t<\/div>\n\t\t\t\t<div class=\"elementor-column elementor-col-50 elementor-inner-column elementor-element elementor-element-929966a\" data-id=\"929966a\" data-element_type=\"column\">\n\t\t\t<div class=\"elementor-widget-wrap elementor-element-populated\">\n\t\t\t\t\t\t\t\t<div class=\"elementor-element elementor-element-88237fd elementor-widget elementor-widget-text-editor\" data-id=\"88237fd\" data-element_type=\"widget\" data-widget_type=\"text-editor.default\">\n\t\t\t\t<div class=\"elementor-widget-container\">\n\t\t\t\t\t\t\t<h5><strong>Sala de Peces<\/strong><\/h5>\n<p>Exhibe una variedad de especies de peces amaz\u00f3nicos conservados en resina y formol, como el paiche, la pira\u00f1a, el dorado y otros peces de importancia ecol\u00f3gica y cultural en la regi\u00f3n.<\/p>\t\t\t\t\t\t<\/div>\n\t\t\t\t<\/div>\n\t\t\t\t\t<\/div>\n\t\t<\/div>\n\t\t\t\t\t\t\t<\/div>\n\t\t<\/section>\n\t\t\t\t<section class=\"elementor-section elementor-inner-section elementor-element elementor-element-01843d4 elementor-section-boxed elementor-section-height-default elementor-section-height-default\" data-id=\"01843d4\" data-element_type=\"section\">\n\t\t\t\t\t\t<div class=\"elementor-container elementor-column-gap-default\">\n\t\t\t\t\t<div class=\"elementor-column elementor-col-50 elementor-inner-column elementor-element elementor-element-740b1cb\" data-id=\"740b1cb\" data-element_type=\"column\">\n\t\t\t<div class=\"elementor-widget-wrap elementor-element-populated\">\n\t\t\t\t\t\t\t\t<div class=\"elementor-element elementor-element-c6af2eb elementor-widget elementor-widget-text-editor\" data-id=\"c6af2eb\" data-element_type=\"widget\" data-widget_type=\"text-editor.default\">\n\t\t\t\t<div class=\"elementor-widget-container\">\n\t\t\t\t\t\t\t<h5>Sala<strong> de Invertebrados<\/strong><\/h5><p>Muestra una diversidad de insectos, ar\u00e1cnidos y otros invertebrados como mariposas, escarabajos, ara\u00f1as y lib\u00e9lulas. Esta sala revela la riqueza del mundo peque\u00f1o pero fundamental para el equilibrio ecol\u00f3gico.<\/p>\t\t\t\t\t\t<\/div>\n\t\t\t\t<\/div>\n\t\t\t\t\t<\/div>\n\t\t<\/div>\n\t\t\t\t<div class=\"elementor-column elementor-col-50 elementor-inner-column elementor-element elementor-element-001fe2b\" data-id=\"001fe2b\" data-element_type=\"column\">\n\t\t\t<div class=\"elementor-widget-wrap elementor-element-populated\">\n\t\t\t\t\t\t\t\t<div class=\"elementor-element elementor-element-331586b elementor-arrows-position-inside elementor-widget elementor-widget-image-carousel\" data-id=\"331586b\" data-element_type=\"widget\" data-settings=\"{&quot;slides_to_show&quot;:&quot;2&quot;,&quot;navigation&quot;:&quot;arrows&quot;,&quot;image_spacing_custom&quot;:{&quot;unit&quot;:&quot;px&quot;,&quot;size&quot;:15,&quot;sizes&quot;:[]},&quot;autoplay&quot;:&quot;yes&quot;,&quot;pause_on_hover&quot;:&quot;yes&quot;,&quot;pause_on_interaction&quot;:&quot;yes&quot;,&quot;autoplay_speed&quot;:5000,&quot;infinite&quot;:&quot;yes&quot;,&quot;speed&quot;:500}\" data-widget_type=\"image-carousel.default\">\n\t\t\t\t<div class=\"elementor-widget-container\">\n\t\t\t\t\t<div class=\"elementor-image-carousel-wrapper swiper-container\" dir=\"ltr\">\n\t\t\t<div class=\"elementor-image-carousel swiper-wrapper\">\n\t\t\t\t\t\t\t\t<div class=\"swiper-slide\"><figure class=\"swiper-slide-inner\"><img decoding=\"async\" class=\"swiper-slide-image\" src=\"https:\/\/turismo.pando.gob.bo\/wp-content\/uploads\/elementor\/thumbs\/WhatsApp-Image-2025-07-02-at-14.51.46-r86ieszj8pfle02e00kemi2fejh9vmgoxbun7zfxss.jpeg\" alt=\"WhatsApp Image 2025-07-02 at 14.51.46\" \/><\/figure><\/div><div class=\"swiper-slide\"><figure class=\"swiper-slide-inner\"><img decoding=\"async\" class=\"swiper-slide-image\" src=\"https:\/\/turismo.pando.gob.bo\/wp-content\/uploads\/elementor\/thumbs\/WhatsApp-Image-2025-07-02-at-14.51.45-r86ietxdfjgvpm10uiz16ztvzxcn3bkf9gi4p9ejmk.jpeg\" alt=\"WhatsApp Image 2025-07-02 at 14.51.45\" \/><\/figure><\/div>\t\t\t<\/div>\n\t\t\t\t\t\t\t\t\t\t\t\t\t\t\t\t<div class=\"elementor-swiper-button elementor-swiper-button-prev\">\n\t\t\t\t\t\t<i aria-hidden=\"true\" class=\"eicon-chevron-left\"><\/i>\t\t\t\t\t\t<span class=\"elementor-screen-only\">Anterior<\/span>\n\t\t\t\t\t<\/div>\n\t\t\t\t\t<div class=\"elementor-swiper-button elementor-swiper-button-next\">\n\t\t\t\t\t\t<i aria-hidden=\"true\" class=\"eicon-chevron-right\"><\/i>\t\t\t\t\t\t<span class=\"elementor-screen-only\">Siguiente<\/span>\n\t\t\t\t\t<\/div>\n\t\t\t\t\t\t\t\t\t<\/div>\n\t\t\t\t<\/div>\n\t\t\t\t<\/div>\n\t\t\t\t\t<\/div>\n\t\t<\/div>\n\t\t\t\t\t\t\t<\/div>\n\t\t<\/section>\n\t\t\t\t<section class=\"elementor-section elementor-inner-section elementor-element elementor-element-5f73589 elementor-section-boxed elementor-section-height-default elementor-section-height-default\" data-id=\"5f73589\" data-element_type=\"section\">\n\t\t\t\t\t\t<div class=\"elementor-container elementor-column-gap-default\">\n\t\t\t\t\t<div class=\"elementor-column elementor-col-50 elementor-inner-column elementor-element elementor-element-9730751\" data-id=\"9730751\" data-element_type=\"column\">\n\t\t\t<div class=\"elementor-widget-wrap elementor-element-populated\">\n\t\t\t\t\t\t\t\t<div class=\"elementor-element elementor-element-133b59e elementor-widget elementor-widget-image-carousel\" data-id=\"133b59e\" data-element_type=\"widget\" data-settings=\"{&quot;slides_to_show&quot;:&quot;2&quot;,&quot;navigation&quot;:&quot;none&quot;,&quot;autoplay&quot;:&quot;yes&quot;,&quot;pause_on_hover&quot;:&quot;yes&quot;,&quot;pause_on_interaction&quot;:&quot;yes&quot;,&quot;autoplay_speed&quot;:5000,&quot;infinite&quot;:&quot;yes&quot;,&quot;speed&quot;:500}\" data-widget_type=\"image-carousel.default\">\n\t\t\t\t<div class=\"elementor-widget-container\">\n\t\t\t\t\t<div class=\"elementor-image-carousel-wrapper swiper-container\" dir=\"ltr\">\n\t\t\t<div class=\"elementor-image-carousel swiper-wrapper\">\n\t\t\t\t\t\t\t\t<div class=\"swiper-slide\"><figure class=\"swiper-slide-inner\"><img decoding=\"async\" class=\"swiper-slide-image\" src=\"https:\/\/turismo.pando.gob.bo\/wp-content\/uploads\/elementor\/thumbs\/WhatsApp-Image-2025-07-02-at-14.51.45-1-r86ies1p1veb2e3r5i5s20ayt5lwnxcyl775qphbz0.jpeg\" alt=\"WhatsApp Image 2025-07-02 at 14.51.45 (1)\" \/><\/figure><\/div><div class=\"swiper-slide\"><figure class=\"swiper-slide-inner\"><img decoding=\"async\" class=\"swiper-slide-image\" src=\"https:\/\/turismo.pando.gob.bo\/wp-content\/uploads\/elementor\/thumbs\/WhatsApp-Image-2025-07-02-at-14.51.44-r86ies1p1veb2e3r5i5s20ayt5lwnxcyl775qphbz0.jpeg\" alt=\"WhatsApp Image 2025-07-02 at 14.51.44\" \/><\/figure><\/div>\t\t\t<\/div>\n\t\t\t\t\t\t\t\t\t\t\t\t\t\t\t\t<\/div>\n\t\t\t\t<\/div>\n\t\t\t\t<\/div>\n\t\t\t\t\t<\/div>\n\t\t<\/div>\n\t\t\t\t<div class=\"elementor-column elementor-col-50 elementor-inner-column elementor-element elementor-element-d1c454a\" data-id=\"d1c454a\" data-element_type=\"column\">\n\t\t\t<div class=\"elementor-widget-wrap elementor-element-populated\">\n\t\t\t\t\t\t\t\t<div class=\"elementor-element elementor-element-99e25e3 elementor-widget elementor-widget-text-editor\" data-id=\"99e25e3\" data-element_type=\"widget\" data-widget_type=\"text-editor.default\">\n\t\t\t\t<div class=\"elementor-widget-container\">\n\t\t\t\t\t\t\t<h5>Sala de Mamiferos<\/h5><p>Incluye una colecci\u00f3n de mam\u00edferos representativos del ecosistema amaz\u00f3nico, como felinos, roedores y otros animales silvestres, preparados mediante t\u00e9cnicas de taxidermia.<\/p>\t\t\t\t\t\t<\/div>\n\t\t\t\t<\/div>\n\t\t\t\t\t<\/div>\n\t\t<\/div>\n\t\t\t\t\t\t\t<\/div>\n\t\t<\/section>\n\t\t\t\t<section class=\"elementor-section elementor-inner-section elementor-element elementor-element-763d81e elementor-section-boxed elementor-section-height-default elementor-section-height-default\" data-id=\"763d81e\" data-element_type=\"section\">\n\t\t\t\t\t\t<div class=\"elementor-container elementor-column-gap-default\">\n\t\t\t\t\t<div class=\"elementor-column elementor-col-50 elementor-inner-column elementor-element elementor-element-ba3563d\" data-id=\"ba3563d\" data-element_type=\"column\">\n\t\t\t<div class=\"elementor-widget-wrap elementor-element-populated\">\n\t\t\t\t\t\t\t\t<div class=\"elementor-element elementor-element-6504af3 elementor-widget elementor-widget-text-editor\" data-id=\"6504af3\" data-element_type=\"widget\" data-widget_type=\"text-editor.default\">\n\t\t\t\t<div class=\"elementor-widget-container\">\n\t\t\t\t\t\t\t<h5>Sala de Reptiles y anfibios<\/h5><p>Contiene ejemplares preservados de serpientes, lagartos, tortugas, ranas y sapos amaz\u00f3nicos. La sala ofrece informaci\u00f3n educativa sobre sus caracter\u00edsticas, h\u00e1bitats y nivel de conservaci\u00f3n.<\/p>\t\t\t\t\t\t<\/div>\n\t\t\t\t<\/div>\n\t\t\t\t\t<\/div>\n\t\t<\/div>\n\t\t\t\t<div class=\"elementor-column elementor-col-50 elementor-inner-column elementor-element elementor-element-6ac9516\" data-id=\"6ac9516\" data-element_type=\"column\">\n\t\t\t<div class=\"elementor-widget-wrap elementor-element-populated\">\n\t\t\t\t\t\t\t\t<div class=\"elementor-element elementor-element-ba68866 elementor-widget elementor-widget-image-carousel\" data-id=\"ba68866\" data-element_type=\"widget\" data-settings=\"{&quot;slides_to_show&quot;:&quot;2&quot;,&quot;navigation&quot;:&quot;none&quot;,&quot;autoplay&quot;:&quot;yes&quot;,&quot;pause_on_hover&quot;:&quot;yes&quot;,&quot;pause_on_interaction&quot;:&quot;yes&quot;,&quot;autoplay_speed&quot;:5000,&quot;infinite&quot;:&quot;yes&quot;,&quot;speed&quot;:500,&quot;image_spacing_custom&quot;:{&quot;unit&quot;:&quot;px&quot;,&quot;size&quot;:20,&quot;sizes&quot;:[]}}\" data-widget_type=\"image-carousel.default\">\n\t\t\t\t<div class=\"elementor-widget-container\">\n\t\t\t\t\t<div class=\"elementor-image-carousel-wrapper swiper-container\" dir=\"ltr\">\n\t\t\t<div class=\"elementor-image-carousel swiper-wrapper\">\n\t\t\t\t\t\t\t\t<div class=\"swiper-slide\"><figure class=\"swiper-slide-inner\"><img decoding=\"async\" class=\"swiper-slide-image\" src=\"https:\/\/turismo.pando.gob.bo\/wp-content\/uploads\/elementor\/thumbs\/WhatsApp-Image-2025-07-02-at-14.51.42-r86ieq615quncbujtowgvpte9mmcgrmhtr0yghnzr8.jpeg\" alt=\"WhatsApp Image 2025-07-02 at 14.51.42\" \/><\/figure><\/div><div class=\"swiper-slide\"><figure class=\"swiper-slide-inner\"><img decoding=\"async\" class=\"swiper-slide-image\" src=\"https:\/\/turismo.pando.gob.bo\/wp-content\/uploads\/elementor\/thumbs\/WhatsApp-Image-2025-07-02-at-14.51.43-r86ier3vckvxnxt6o7b3g7kuv0hpogq85vofxrmll0.jpeg\" alt=\"WhatsApp Image 2025-07-02 at 14.51.43\" \/><\/figure><\/div>\t\t\t<\/div>\n\t\t\t\t\t\t\t\t\t\t\t\t\t\t\t\t<\/div>\n\t\t\t\t<\/div>\n\t\t\t\t<\/div>\n\t\t\t\t\t<\/div>\n\t\t<\/div>\n\t\t\t\t\t\t\t<\/div>\n\t\t<\/section>\n\t\t\t\t\t<\/div>\n\t\t<\/div>\n\t\t\t\t\t\t\t<\/div>\n\t\t<\/section>\n\t\t\t\t<section class=\"elementor-section elementor-top-section elementor-element elementor-element-9835f46 elementor-section-boxed elementor-section-height-default elementor-section-height-default\" data-id=\"9835f46\" data-element_type=\"section\">\n\t\t\t\t\t\t<div class=\"elementor-container elementor-column-gap-default\">\n\t\t\t\t\t<div class=\"elementor-column elementor-col-100 elementor-top-column elementor-element elementor-element-7558549\" data-id=\"7558549\" data-element_type=\"column\">\n\t\t\t<div class=\"elementor-widget-wrap elementor-element-populated\">\n\t\t\t\t\t\t\t\t<div class=\"elementor-element elementor-element-5a3c896 elementor-widget elementor-widget-text-editor\" data-id=\"5a3c896\" data-element_type=\"widget\" data-widget_type=\"text-editor.default\">\n\t\t\t\t<div class=\"elementor-widget-container\">\n\t\t\t\t\t\t\t<p>Preservar el patrimonio cultural tambi\u00e9n es fundamental para garantizar la continuidad de las tradiciones y las pr\u00e1cticas culturales de una sociedad, lo que contribuye a fortalecer su cohesi\u00f3n social y su sentido de pertenencia. La protecci\u00f3n del patrimonio cultural tambi\u00e9n puede ayudar a fomentar el di\u00e1logo intercultural y a promover la comprensi\u00f3n y el respeto mutuo entre diferentes comunidades.<\/p>\t\t\t\t\t\t<\/div>\n\t\t\t\t<\/div>\n\t\t\t\t\t<\/div>\n\t\t<\/div>\n\t\t\t\t\t\t\t<\/div>\n\t\t<\/section>\n\t\t\t\t\t\t\t<\/div>\n\t\t","protected":false},"excerpt":{"rendered":"<p>Patrimonio Hist\u00f3rico Cultural &nbsp;El patrimonio cultural es un tesoro invaluable que debe ser protegido y conservado para las generaciones presentes y futuras. Su importancia se extiende m\u00e1s all\u00e1 de su valor hist\u00f3rico y cultural, y abarca aspectos sociales, econ\u00f3micos y pol\u00edticos clave para el desarrollo sostenible de las comunidades y las naciones. CASA DE LA &hellip;<\/p>\n<p class=\"read-more\"> <a class=\"\" href=\"https:\/\/turismo.pando.gob.bo\/index.php\/patrimonio-historico-cultural\/\"> <span class=\"screen-reader-text\">Patrimonio Hist\u00f3rico Cultural<\/span> Leer m\u00e1s &raquo;<\/a><\/p>\n","protected":false},"author":1,"featured_media":0,"parent":0,"menu_order":0,"comment_status":"closed","ping_status":"closed","template":"","meta":{"om_disable_all_campaigns":false,"_monsterinsights_skip_tracking":false,"_monsterinsights_sitenote_active":false,"_monsterinsights_sitenote_note":"","_monsterinsights_sitenote_category":0,"site-sidebar-layout":"no-sidebar","site-content-layout":"page-builder","ast-global-header-display":"","ast-main-header-display":"","ast-hfb-above-header-display":"","ast-hfb-below-header-display":"","ast-hfb-mobile-header-display":"","site-post-title":"disabled","ast-breadcrumbs-content":"","ast-featured-img":"disabled","footer-sml-layout":"","theme-transparent-header-meta":"","adv-header-id-meta":"","stick-header-meta":"","header-above-stick-meta":"","header-main-stick-meta":"","header-below-stick-meta":""},"aioseo_notices":[],"_links":{"self":[{"href":"https:\/\/turismo.pando.gob.bo\/index.php\/wp-json\/wp\/v2\/pages\/715"}],"collection":[{"href":"https:\/\/turismo.pando.gob.bo\/index.php\/wp-json\/wp\/v2\/pages"}],"about":[{"href":"https:\/\/turismo.pando.gob.bo\/index.php\/wp-json\/wp\/v2\/types\/page"}],"author":[{"embeddable":true,"href":"https:\/\/turismo.pando.gob.bo\/index.php\/wp-json\/wp\/v2\/users\/1"}],"replies":[{"embeddable":true,"href":"https:\/\/turismo.pando.gob.bo\/index.php\/wp-json\/wp\/v2\/comments?post=715"}],"version-history":[{"count":46,"href":"https:\/\/turismo.pando.gob.bo\/index.php\/wp-json\/wp\/v2\/pages\/715\/revisions"}],"predecessor-version":[{"id":1201,"href":"https:\/\/turismo.pando.gob.bo\/index.php\/wp-json\/wp\/v2\/pages\/715\/revisions\/1201"}],"wp:attachment":[{"href":"https:\/\/turismo.pando.gob.bo\/index.php\/wp-json\/wp\/v2\/media?parent=715"}],"curies":[{"name":"wp","href":"https:\/\/api.w.org\/{rel}","templated":true}]}}